{"id":50118,"date":"2021-08-06T11:43:07","date_gmt":"2021-08-06T09:43:07","guid":{"rendered":"https:\/\/www.dianagubas.com\/new\/?post_type=product&#038;p=50118"},"modified":"2024-03-01T15:42:16","modified_gmt":"2024-03-01T13:42:16","slug":"ulei-esential-de-tamaie-doterra-15-ml","status":"publish","type":"product","link":"https:\/\/www.dianagubas.com\/en\/aromaterapie\/ulei-esential-de-tamaie-doterra-15-ml\/","title":{"rendered":"Ulei esen\u021bial de T\u0103m\u00e2ie doTerra (15 ml)"},"content":{"rendered":"<p>[et_pb_section fb_built=&#8221;1&#8243; _builder_version=&#8221;4.16&#8243; _module_preset=&#8221;default&#8221; global_colors_info=&#8221;{}&#8221;][et_pb_row _builder_version=&#8221;4.16&#8243; _module_preset=&#8221;default&#8221; global_colors_info=&#8221;{}&#8221;][et_pb_column type=&#8221;4_4&#8243; _builder_version=&#8221;4.16&#8243; _module_preset=&#8221;default&#8221; global_colors_info=&#8221;{}&#8221;][et_pb_wc_title _builder_version=&#8221;4.16&#8243; _module_preset=&#8221;default&#8221; header_text_align=&#8221;center&#8221; global_colors_info=&#8221;{}&#8221;][\/et_pb_wc_title][et_pb_video src=&#8221;https:\/\/youtu.be\/wjOY4WXd3O0&#8243; _builder_version=&#8221;4.16&#8243; _module_preset=&#8221;default&#8221; global_colors_info=&#8221;{}&#8221;][\/et_pb_video][\/et_pb_column][\/et_pb_row][\/et_pb_section][et_pb_section fb_built=&#8221;1&#8243; _builder_version=&#8221;4.16&#8243; _module_preset=&#8221;default&#8221; global_colors_info=&#8221;{}&#8221;][et_pb_row column_structure=&#8221;2_5,3_5&#8243; _builder_version=&#8221;4.16&#8243; _module_preset=&#8221;default&#8221; global_colors_info=&#8221;{}&#8221;][et_pb_column type=&#8221;2_5&#8243; _builder_version=&#8221;4.16&#8243; _module_preset=&#8221;default&#8221; global_colors_info=&#8221;{}&#8221;][et_pb_wc_images show_sale_badge=&#8221;off&#8221; _builder_version=&#8221;4.16&#8243; _module_preset=&#8221;default&#8221; global_colors_info=&#8221;{}&#8221;][\/et_pb_wc_images][\/et_pb_column][et_pb_column type=&#8221;3_5&#8243; _builder_version=&#8221;4.16&#8243; _module_preset=&#8221;default&#8221; global_colors_info=&#8221;{}&#8221;][et_pb_text admin_label=&#8221;Descriere&#8221; _builder_version=&#8221;4.16&#8243; _module_preset=&#8221;default&#8221; global_colors_info=&#8221;{}&#8221;]<\/p>\n<p><strong>Uleiul esen\u021bial de T\u0103m\u00e2ie<\/strong> este ob\u021binut din r\u0103\u0219ina arborelui Boswellia sacra, o substan\u021b\u0103 asem\u0103n\u0103toare sevei, cu o v\u00e2scozitate ridicat\u0103.<br \/>Timp de secole, r\u0103\u0219ina arborelui a fost ob\u021binut\u0103 prin t\u0103ierea sau efectuarea unei incizii \u00een copac, din care curgeau apoi cantit\u0103\u021bi mari de r\u0103\u0219in\u0103, r\u0103zuite sau colectate c\u00e2nd picurau pe p\u0103m\u00e2nt.<\/p>\n<p>Uleiul esen\u021bial de T\u0103m\u00e2ie doTerra este ob\u021binut cu grij\u0103 fa\u021b\u0103 de arbori, r\u0103\u0219ina fiind colectat\u0103 cu aten\u021bie de la copaci, urm\u00e2nd apoi s\u0103 fie distilat\u0103 delicat \u0219i s\u0103 se extrag\u0103 uleiurile esen\u021biale.<br \/>T\u0103m\u00e2ia era foarte apreciat\u0103 de civiliza\u021biile antice \u0219i folosit\u0103 pentru cele mai sacre dintre practici. Pentru religia cre\u0219tin\u0103, ea este considerat\u0103 unul dintre cele mai de pre\u021b daruri ale timpurilor biblice antice, fiind dat\u0103 \u00een dar lui Iisus Hristos dup\u0103 na\u0219terea sa. T\u0103m\u00e2ia a fost folosit\u0103 \u0219i \u00een timpul ceremoniilor religioase pentru calmarea pielii \u0219i parfumare.<\/p>\n<p>Cunoscut ca uleiul esen\u021bial suprem, uleiul esen\u021bial de T\u0103m\u00e2ie doTerra are o varietate de utiliz\u0103ri \u0219i beneficii notabile, care \u00eel recomand\u0103 drept unul dintre cele mai populare \u0219i mai c\u0103utate uleiuri esen\u021biale doTerra.<\/p>\n<p>[\/et_pb_text][et_pb_divider color=&#8221;#e3e0df&#8221; _builder_version=&#8221;4.16&#8243; _module_preset=&#8221;default&#8221; global_colors_info=&#8221;{}&#8221;][\/et_pb_divider][et_pb_text admin_label=&#8221;Pret fara cont&#8221; module_class=&#8221;regular_price&#8221; _builder_version=&#8221;4.16&#8243; _dynamic_attributes=&#8221;content&#8221; _module_preset=&#8221;default&#8221; global_colors_info=&#8221;{}&#8221;]@ET-DC@eyJkeW5hbWljIjp0cnVlLCJjb250ZW50IjoiY3VzdG9tX21ldGFfX3JlZ3VsYXJfcHJpY2UiLCJzZXR0aW5ncyI6eyJiZWZvcmUiOiJQUkVcdTAyMWEgRlx1MDEwMlJcdTAxMDIgQ09OVCBET1RFUlJBIDogIiwiYWZ0ZXIiOiJcdTIwYWMiLCJlbmFibGVfaHRtbCI6Im9uIn19@[\/et_pb_text][et_pb_text admin_label=&#8221;Pret membru&#8221; module_class=&#8221;member_price&#8221; _builder_version=&#8221;4.16&#8243; _dynamic_attributes=&#8221;content&#8221; _module_preset=&#8221;default&#8221; global_colors_info=&#8221;{}&#8221;]@ET-DC@eyJkeW5hbWljIjp0cnVlLCJjb250ZW50IjoiY3VzdG9tX21ldGFfX3NhbGVfcHJpY2UiLCJzZXR0aW5ncyI6eyJiZWZvcmUiOiJQUkVcdTAyMWEgREUgTUVNQlJVOiIsImFmdGVyIjoiXHUyMGFjIiwiZW5hYmxlX2h0bWwiOiJvbiJ9fQ==@[\/et_pb_text][et_pb_divider color=&#8221;#e3e0df&#8221; _builder_version=&#8221;4.16&#8243; _module_preset=&#8221;default&#8221; global_colors_info=&#8221;{}&#8221;][\/et_pb_divider][et_pb_button button_url=&#8221;@ET-DC@eyJkeW5hbWljIjp0cnVlLCJjb250ZW50IjoiY3VzdG9tX21ldGFfbGlua19jb21hbmRhIiwic2V0dGluZ3MiOnsiYmVmb3JlIjoiIiwiYWZ0ZXIiOiIiLCJlbmFibGVfaHRtbCI6Im9mZiJ9fQ==@&#8221; button_text=&#8221;COMANDA RAPID&#8221; admin_label=&#8221;Buton&#8221; _builder_version=&#8221;4.19.4&#8243; _dynamic_attributes=&#8221;button_url&#8221; _module_preset=&#8221;default&#8221; global_module=&#8221;50890&#8243; saved_tabs=&#8221;all&#8221; global_colors_info=&#8221;{}&#8221;][\/et_pb_button][et_pb_text admin_label=&#8221;Vreau sa devin membru&#8221; _builder_version=&#8221;4.19.4&#8243; _module_preset=&#8221;default&#8221; saved_tabs=&#8221;all&#8221; global_colors_info=&#8221;{}&#8221; global_module=&#8221;52172&#8243; theme_builder_area=&#8221;post_content&#8221;]<\/p>\n<p><a href=\"#membru\">Vreau sa devin membru doTerra!<\/a><\/p>\n<p>[\/et_pb_text][\/et_pb_column][\/et_pb_row][\/et_pb_section][et_pb_section fb_built=&#8221;1&#8243; admin_label=&#8221;Sectiune #f8f2ea bg &#8211; Descriere&#8221; _builder_version=&#8221;4.16&#8243; _module_preset=&#8221;default&#8221; background_color=&#8221;#f8f2ea&#8221; global_colors_info=&#8221;{}&#8221;][et_pb_row _builder_version=&#8221;4.16&#8243; _module_preset=&#8221;default&#8221; global_colors_info=&#8221;{}&#8221;][et_pb_column type=&#8221;4_4&#8243; _builder_version=&#8221;4.16&#8243; _module_preset=&#8221;default&#8221; global_colors_info=&#8221;{}&#8221;][et_pb_text _builder_version=&#8221;4.16&#8243; _module_preset=&#8221;default&#8221; global_colors_info=&#8221;{}&#8221;]<\/p>\n<h2>Ulei esen\u021bial de T\u0103m\u00e2ie doTerra \u2013 Descriere<\/h2>\n<p>Uleiul esen\u021bial de T\u0103m\u00e2ie doTerra, extrem de puternic \u0219i benefic, este venerat pentru capacitatea sa de a \u00eenfrumuse\u021ba \u0219i \u00eentineri pielea atunci c\u00e2nd este aplicat local, de a promova s\u0103n\u0103tatea celular\u0103 \u0219i imunitatea \u0219i de a produce un r\u0103spuns inflamator benefic atunci c\u00e2nd este administrat intern.<\/p>\n<p>Parfumul sau aroma pe care o emite favorizeaz\u0103 sentimente de satisfac\u021bie, lini\u0219te, relaxare \u0219i bun\u0103stare general\u0103, ceea ce explic\u0103 valoarea sa unic\u0103 \u00eenc\u0103 din cele mai vechi timpuri. La fel ca \u00een trecutul s\u0103u pre\u021buit, uleiul esen\u021bial de t\u0103m\u00e2ie este foarte apreciat \u00een comunitatea doTerra \u0219i continu\u0103 s\u0103 fie unul dintre cele mai populare uleiuri esen\u021biale.<\/p>\n<p>Propriet\u0103\u021bile care \u00eenfrumuse\u021beaz\u0103, aromeaz\u0103 \u0219i promoveaz\u0103 s\u0103n\u0103tatea sunt extrem de puternice \u0219i pot \u00eembun\u0103t\u0103\u021bi cu u\u0219urin\u021b\u0103 un stil de via\u021b\u0103 de zi cu zi. Atunci c\u00e2nd e\u0219ti \u00een c\u0103utarea unui ulei esen\u021bial util \u0219i nu \u0219tii exact care ar putea fi acesta, folose\u0219te \u00eentotdeauna uleiul de T\u0103m\u00e2ie.<\/p>\n<p>[\/et_pb_text][\/et_pb_column][\/et_pb_row][\/et_pb_section][et_pb_section fb_built=&#8221;1&#8243; admin_label=&#8221;Sectiune white bg &#8211; Beneficii \u0219i Mod de utilizare&#8221; _builder_version=&#8221;4.16&#8243; _module_preset=&#8221;default&#8221; background_enable_color=&#8221;off&#8221; global_colors_info=&#8221;{}&#8221;][et_pb_row _builder_version=&#8221;4.16&#8243; _module_preset=&#8221;default&#8221; global_colors_info=&#8221;{}&#8221;][et_pb_column type=&#8221;4_4&#8243; _builder_version=&#8221;4.16&#8243; _module_preset=&#8221;default&#8221; global_colors_info=&#8221;{}&#8221;][et_pb_text _builder_version=&#8221;4.16&#8243; _module_preset=&#8221;default&#8221; global_colors_info=&#8221;{}&#8221;]<\/p>\n<h2>Ulei esen\u021bial de T\u0103m\u00e2ie doTerra \u2013 Beneficii \u0219i Mod de utilizare<\/h2>\n<p>&#8211; Pune 15 pic\u0103turi de ulei esen\u021bial de T\u0103m\u00e2ie, 15 pic\u0103turi de ulei esen\u021bial de Grapefruit \u0219i 30 de pic\u0103turi de ulei esen\u021bial de Brad Duglas \u0219i completeaz\u0103 cu ap\u0103 \u00eentr-o sticl\u0103 cu pulverizator, pentru a ob\u021bine un spray de camer\u0103 incredibil, pe care \u00eel po\u021bi folosi \u0219i pe covor sau pe mobilier sau direct \u00een aer, pentru a te bucura de parfumul bogat al acestui ulei \u0219i a experimenta beneficiile sale relaxante \u0219i pa\u0219nice.<\/p>\n<p>&#8211; Adaug\u0103 ulei esen\u021bial de T\u0103m\u00e2ie \u00eentr-un ser calmant pentru dup\u0103 b\u0103rbierit, pentru a ajuta pielea s\u0103 se simt\u0103 \u0219i s\u0103 arate \u00eentinerit\u0103.<\/p>\n<p>&#8211; Difuzeaz\u0103 2-3 pic\u0103turi de ulei esen\u021bial de T\u0103m\u00e2ie diminea\u021ba, pentru yoga sau medita\u021bie, pentru a-\u021bi \u00eencepe ziua \u00eenv\u0103luit \u00een parfumul relaxant al acestui ulei \u0219i a-\u021bi aduna concentrarea pentru o nou\u0103 zi.<\/p>\n<p>&#8211; Adaug\u0103 1-2 pic\u0103turi de ulei esen\u021bial de T\u0103m\u00e2ie \u00eentr-o capsul\u0103 vegetal\u0103 pentru a contribui la sus\u021binerea func\u021biei celulare s\u0103n\u0103toase.<\/p>\n<p>&#8211; Adaug\u0103 c\u00e2teva pic\u0103turi de ulei esen\u021bial de t\u0103m\u00e2ie \u00eentr-o crem\u0103 hidratant\u0103 de m\u00e2ini, pentru un plus de hidratare \u0219i o senza\u021bie de \u00eentinerire, mai ales iarna, c\u00e2nd m\u00e2inile se confrunt\u0103 cu usc\u0103ciune excesiv\u0103 \u0219i iritare. \u00cen plus, parfumul acestui ulei esen\u021bial combinat cu crema hidratant\u0103 va ad\u0103uga un miros cald, picant \u0219i curat pe piele.<\/p>\n<p>&#8211; Aplic\u0103 ulei esen\u021bial de Trandafir pentru a men\u021bine unghiile s\u0103n\u0103toase \u0219i a hidrata cuticulele ori de c\u00e2te ori c\u0103l\u0103tore\u0219ti. Vei avea parte astfel de unghii s\u0103n\u0103toase \u0219i puternice chiar \u0219i \u00een cele mai uscate locuri de pe glob.<\/p>\n<p>&#8211; Aplic\u0103 2-3 pic\u0103turi de ulei esen\u021bial de T\u0103m\u00e2ie pe t\u0103lpi c\u00e2nd te sim\u021bi stresat, pentru a risipi sentimentele negative \u0219i stresul. Aroma lini\u0219titoare a acestui ulei va promova sentimente de relaxare \u0219i o stare de spirit echilibrat\u0103.<\/p>\n<p>&#8211; R\u0103sfa\u021b\u0103-\u021bi m\u00e2inile \u0219i picioarele cu un masaj cu ulei esen\u021bial de T\u0103m\u00e2ie care le va face s\u0103 se simt\u0103 \u0219i s\u0103 par\u0103 \u00eentinerite dup\u0103 o zi de activit\u0103\u021bi \u00een aer liber. Acest masaj \u00ee\u021bi va oferi un efect lini\u0219titor \u0219i \u00eenc\u0103lzitor pe care nu trebuie s\u0103-l ratezi.<\/p>\n<p>&#8211; Adaug\u0103 1 pic\u0103tur\u0103 de ulei esen\u021bial de T\u0103m\u00e2ie, 1 pic\u0103tur\u0103 de ulei esen\u021bial de Santal \u0219i 2 pic\u0103turi de ulei esen\u021bial de Grapefruit \u00een difuzor, pentru a-\u021bi umple casa cu o arom\u0103 cald\u0103 \u0219i lini\u0219tit\u0103 \u0219i pentru a \u00eencuraja relaxarea \u0219i starea de spirit \u00een\u0103l\u021b\u0103toare.<\/p>\n<p>&#8211; Adaug\u0103 2 pic\u0103turi din acest ulei la crema hidratant\u0103 pentru a calma \u0219i hidrata pielea uscat\u0103.<\/p>\n<p>&#8211; Pune c\u00e2teva pic\u0103turi de ulei esen\u021bial de T\u0103m\u00e2ie \u00eentr-o baie fierbinte pentru o arom\u0103 calmant\u0103.<\/p>\n<p>&#8211; Adaug\u0103 acest ulei pe periu\u021ba de din\u021bi \u00eenainte de a aplica pasta de din\u021bi, pentru a cur\u0103\u021ba gingiile, gura \u0219i din\u021bii.<\/p>\n<p>[\/et_pb_text][\/et_pb_column][\/et_pb_row][\/et_pb_section][et_pb_section fb_built=&#8221;1&#8243; admin_label=&#8221;Sectiune #f8f2ea bg &#8211; Instruc\u021biuni de utilizare&#8221; _builder_version=&#8221;4.16&#8243; _module_preset=&#8221;default&#8221; background_color=&#8221;#f8f2ea&#8221; global_colors_info=&#8221;{}&#8221;][et_pb_row _builder_version=&#8221;4.16&#8243; _module_preset=&#8221;default&#8221; global_colors_info=&#8221;{}&#8221;][et_pb_column type=&#8221;4_4&#8243; _builder_version=&#8221;4.16&#8243; _module_preset=&#8221;default&#8221; global_colors_info=&#8221;{}&#8221;][et_pb_text _builder_version=&#8221;4.16&#8243; _module_preset=&#8221;default&#8221; global_colors_info=&#8221;{}&#8221;]<\/p>\n<h3>Ulei esen\u021bial de T\u0103m\u00e2ie doTerra \u2013 Instruc\u021biuni de utilizare<\/h3>\n<p><strong>Difuzare:<\/strong> Pune 3-4 pic\u0103turi \u00eentr-un difuzor la alegere.<br \/><strong>Utilizare ca aromatizant alimentar:<\/strong> Dilueaz\u0103 1 pic\u0103tur\u0103 \u00een 125 ml de lichid.<br \/><strong>Uz extern:<\/strong> Pentru masaj, amestec\u0103 5 pic\u0103turi cu 10 ml de ulei c\u0103r\u0103u\u0219. Pentru \u00eemb\u0103iere, amestec\u0103 5 pic\u0103turi cu 5 ml de ulei c\u0103r\u0103u\u0219. Pentru parfumare, amestec\u0103 1 pic\u0103tur\u0103 cu 10 pic\u0103turi de ulei c\u0103r\u0103u\u0219.<br \/><strong>Aplicare local\u0103:<\/strong> Aplic\u0103 una sau dou\u0103 pic\u0103turi pe zona dorit\u0103. Dilueaz\u0103 cu un ulei purt\u0103tor pentru a minimiza orice sensibilitate a pielii.<\/p>\n<p>[\/et_pb_text][\/et_pb_column][\/et_pb_row][\/et_pb_section][et_pb_section fb_built=&#8221;1&#8243; admin_label=&#8221;Sectiune white bg &#8211; Uleiuri care se amestec\u0103 bine&#8221; _builder_version=&#8221;4.16&#8243; _module_preset=&#8221;default&#8221; background_enable_color=&#8221;off&#8221; global_colors_info=&#8221;{}&#8221;][et_pb_row _builder_version=&#8221;4.16&#8243; _module_preset=&#8221;default&#8221; global_colors_info=&#8221;{}&#8221;][et_pb_column type=&#8221;4_4&#8243; _builder_version=&#8221;4.16&#8243; _module_preset=&#8221;default&#8221; global_colors_info=&#8221;{}&#8221;][et_pb_text _builder_version=&#8221;4.16&#8243; _module_preset=&#8221;default&#8221; global_colors_info=&#8221;{}&#8221;]<\/p>\n<h3>Uleiuri care se amestec\u0103 bine cu ulei esen\u021bial de T\u0103m\u00e2ie<\/h3>\n<p>Uleiul esen\u021bial de T\u0103m\u00e2ie se amestec\u0103 bine cu uleiuri de citrice, precum uleiul esen\u021bial de L\u0103m\u00e2ie Verde, uleiul esen\u021bial de L\u0103m\u00e2ie, uleiul esen\u021bial de Portocal\u0103 S\u0103lbatic\u0103, precum \u0219i cu alte uleiuri, precum uleiul esen\u021bial de Chiparos, uleiul esen\u021bial de Lev\u0103n\u021bic\u0103, uleiul esen\u021bial de Mu\u0219cat\u0103, uleiul esen\u021bial de Trandafir, uleiul esen\u021bial de Santal, uleiul esen\u021bial de Ylang Ylang, \u0219i uleiul esen\u021bial de Salvie pentru difuzare.<\/p>\n<p>[\/et_pb_text][\/et_pb_column][\/et_pb_row][\/et_pb_section][et_pb_section fb_built=&#8221;1&#8243; admin_label=&#8221;Sectiune #f8f2ea bg &#8211; M\u0103suri de precau\u021bie&#8221; _builder_version=&#8221;4.16&#8243; _module_preset=&#8221;default&#8221; background_color=&#8221;#f8f2ea&#8221; global_colors_info=&#8221;{}&#8221;][et_pb_row _builder_version=&#8221;4.16&#8243; _module_preset=&#8221;default&#8221; global_colors_info=&#8221;{}&#8221;][et_pb_column type=&#8221;4_4&#8243; _builder_version=&#8221;4.16&#8243; _module_preset=&#8221;default&#8221; global_colors_info=&#8221;{}&#8221;][et_pb_text _builder_version=&#8221;4.16&#8243; _module_preset=&#8221;default&#8221; global_colors_info=&#8221;{}&#8221;]<\/p>\n<h3>Ulei esen\u021bial de T\u0103m\u00e2ie doTerra \u2013 M\u0103suri de precau\u021bie<\/h3>\n<p>Posibil\u0103 sensibilitate cutanat\u0103. A nu se l\u0103sa la \u00eendem\u00e2na copiilor. Dac\u0103 e\u0219ti \u00eens\u0103rcinat\u0103, al\u0103ptezi sau e\u0219ti sub supraveghere medical\u0103, stai de vorb\u0103 cu medicul \u00eenainte de a folosi uleiul esen\u021bial. Evit\u0103 contactul cu ochii, urechea intern\u0103 \u0219i zonele sensibile. Evit\u0103 expunerea la soare sau raze ultraviolete timp de 12 ore dup\u0103 aplicarea produsului.<\/p>\n<p><strong>Descriere aromatic\u0103:<\/strong> cald, condimentat, curat<br \/><strong>Metod\u0103 de colectare:<\/strong> distilare cu aburi<br \/><strong>Partea de plante:<\/strong> r\u0103\u0219ina de Boswellia carterii, frereana \u0219i sacra<br \/><strong>Constituen\u021bii principali:<\/strong> \u03b1-pinen, limonen, \u03b1-tujen<br \/><strong>Por\u021bia de servire:<\/strong> 1 pic\u0103tur\u0103<br \/><strong>Un flacon de 15 ml:<\/strong> con\u021bine 255 de pic\u0103turi<\/p>\n<p><strong>Furnizor:<\/strong> import USA, doTerra LLC 389 South West Pleasant Grove UT 84062.<\/p>\n<p><strong>Toate produsele doTerra sunt Certificate \u00een USA cu Certificat cu grad terapeutic pur.<\/strong><br \/>* Acest produs nu are rolul de a diagnostica, trata, vindeca sau preveni orice boal\u0103. Consult\u0103 medicul \u00eenainte de utilizare. Dac\u0103 ai alergie la oricare component din compozi\u021bie, nu folosi acest produs.<\/p>\n<p>[\/et_pb_text][\/et_pb_column][\/et_pb_row][\/et_pb_section][et_pb_section fb_built=&#8221;1&#8243; admin_label=&#8221;Disclaimer&#8221; _builder_version=&#8221;4.9.10&#8243; _module_preset=&#8221;default&#8221; custom_margin=&#8221;0px||0px||false|false&#8221; custom_padding=&#8221;30px||30px||true|false&#8221; global_module=&#8221;49931&#8243; saved_tabs=&#8221;all&#8221; global_colors_info=&#8221;{}&#8221;][et_pb_row _builder_version=&#8221;4.16&#8243; _module_preset=&#8221;default&#8221; global_colors_info=&#8221;{}&#8221;][et_pb_column type=&#8221;4_4&#8243; _builder_version=&#8221;4.16&#8243; _module_preset=&#8221;default&#8221; global_colors_info=&#8221;{}&#8221;][et_pb_divider _builder_version=&#8221;4.16&#8243; _module_preset=&#8221;default&#8221; width=&#8221;100px&#8221; max_width=&#8221;100px&#8221; custom_margin=&#8221;0px||0px||false|false&#8221; custom_padding=&#8221;0px||0px||false|false&#8221; global_colors_info=&#8221;{}&#8221;][\/et_pb_divider][et_pb_text _builder_version=&#8221;4.16&#8243; _module_preset=&#8221;default&#8221; global_colors_info=&#8221;{}&#8221;]<\/p>\n<p><img loading=\"lazy\" decoding=\"async\" src=\"https:\/\/www.dianagubas.com\/new\/wp-content\/uploads\/2021\/08\/alert-circle@1x.png\" width=\"24\" height=\"24\" alt=\"\" class=\"wp-image-49942 alignleft size-full\" srcset=\"https:\/\/www.dianagubas.com\/new\/wp-content\/uploads\/2021\/08\/alert-circle@1x.png 24w, https:\/\/www.dianagubas.com\/new\/wp-content\/uploads\/2021\/08\/alert-circle@1x-12x12.png 12w\" sizes=\"(max-width: 24px) 100vw, 24px\" \/>Acest produs nu are rolul de a diagnostica, trata, vindeca sau preveni orice boal\u0103. Consult\u0103 medicul \u00eenainte de utilizare. Dac\u0103 ai alergie la oricare component din compozi\u021bie, nu folosi acest produs.<\/p>\n<p>[\/et_pb_text][\/et_pb_column][\/et_pb_row][\/et_pb_section][et_pb_section fb_built=&#8221;1&#8243; admin_label=&#8221;CTA&#8221; _builder_version=&#8221;4.14.5&#8243; _module_preset=&#8221;default&#8221; background_enable_color=&#8221;off&#8221; width=&#8221;100%&#8221; max_width=&#8221;100%&#8221; custom_margin=&#8221;||50px||false|false&#8221; global_module=&#8221;49932&#8243; saved_tabs=&#8221;all&#8221; global_colors_info=&#8221;{}&#8221;][et_pb_row module_id=&#8221;cta-row&#8221; _builder_version=&#8221;4.16&#8243; _module_preset=&#8221;default&#8221; width=&#8221;96%&#8221; border_radii=&#8221;on|30px|30px|30px|30px&#8221; global_colors_info=&#8221;{}&#8221;][et_pb_column type=&#8221;4_4&#8243; _builder_version=&#8221;4.16&#8243; _module_preset=&#8221;default&#8221; global_colors_info=&#8221;{}&#8221;][et_pb_code module_id=&#8221;cta-section&#8221; _builder_version=&#8221;4.17.4&#8243; _module_preset=&#8221;default&#8221; global_colors_info=&#8221;{}&#8221;]<\/p>\n<style>\/* Animated Call To Action *\/<!-- [et_pb_line_break_holder] --> <!-- [et_pb_line_break_holder] -->\/*** style CTA section and row when waypoint is not triggered ***\/<!-- [et_pb_line_break_holder] -->#cta-section {<!-- [et_pb_line_break_holder] -->    padding: 0 80px;<!-- [et_pb_line_break_holder] -->    transition: all .8s ease;<!-- [et_pb_line_break_holder] -->    -moz-transition: all .8s ease;<!-- [et_pb_line_break_holder] -->    -webkit-transition: all .8s ease;<!-- [et_pb_line_break_holder] -->}<!-- [et_pb_line_break_holder] -->#cta-row {<!-- [et_pb_line_break_holder] -->    margin: 80px auto 0 auto;<!-- [et_pb_line_break_holder] -->    padding: 80px 0;<!-- [et_pb_line_break_holder] -->    max-width: 100%;<!-- [et_pb_line_break_holder] -->    background-color: #cda575;<!-- [et_pb_line_break_holder] -->    -moz-border-radius: 20px;<!-- [et_pb_line_break_holder] -->    -webkit-border-radius: 20px;<!-- [et_pb_line_break_holder] -->    border-radius: 20px;<!-- [et_pb_line_break_holder] -->    box-shadow: 0px 10px 50px #939fa9;<!-- [et_pb_line_break_holder] -->    transition: all .8s ease;<!-- [et_pb_line_break_holder] -->    -moz-transition: all .8s ease;<!-- [et_pb_line_break_holder] -->    -webkit-transition: all .8s ease;<!-- [et_pb_line_break_holder] --> <!-- [et_pb_line_break_holder] -->}<!-- [et_pb_line_break_holder] -->\/*** Style CTA section and row once waypoint toggles animate-cta class ***\/<!-- [et_pb_line_break_holder] -->#cta-section.animate-cta {<!-- [et_pb_line_break_holder] -->    padding: 46px 0 66px 0;<!-- [et_pb_line_break_holder] -->    overflow: hidden;<!-- [et_pb_line_break_holder] -->}<!-- [et_pb_line_break_holder] -->.animate-cta #cta-row {<!-- [et_pb_line_break_holder] -->    margin: 0 auto 0 auto;<!-- [et_pb_line_break_holder] -->    -webkit-transform: scale(1.1);<!-- [et_pb_line_break_holder] -->    transform: scale(1.1);<!-- [et_pb_line_break_holder] -->    background-color: #cda575;<!-- [et_pb_line_break_holder] -->    width: inherit;<!-- [et_pb_line_break_holder] -->}<!-- [et_pb_line_break_holder] -->\/*** style button ***\/<!-- [et_pb_line_break_holder] --> <!-- [et_pb_line_break_holder] -->#sign {<!-- [et_pb_line_break_holder] -->    display: inline-block;<!-- [et_pb_line_break_holder] -->    color: #fff;<!-- [et_pb_line_break_holder] -->    text-transform: uppercase;<!-- [et_pb_line_break_holder] -->    font-size: 16px;<!-- [et_pb_line_break_holder] -->    font-weight: 600;<!-- [et_pb_line_break_holder] -->    background-color: #000000;<!-- [et_pb_line_break_holder] -->    padding: 20px 40px;<!-- [et_pb_line_break_holder] -->    margin-top: 30px;<!-- [et_pb_line_break_holder] -->    border-radius: 60px;<!-- [et_pb_line_break_holder] -->    -webkit-border-radius: 60px;<!-- [et_pb_line_break_holder] -->    -moz-border-radius: 60px;<!-- [et_pb_line_break_holder] -->    transition: all .8s ease;<!-- [et_pb_line_break_holder] -->    -webkit-transition: all .8s ease;<!-- [et_pb_line_break_holder] -->    -webkit-transition: all .8s ease;<!-- [et_pb_line_break_holder] -->    box-shadow: 0px 5px 20px #220901;<!-- [et_pb_line_break_holder] -->    -moz-box-shadow: 0px 5px 20px #220901;<!-- [et_pb_line_break_holder] -->    -webkit-box-shadow: 0px 10px 50px #220901;<!-- [et_pb_line_break_holder] -->}<!-- [et_pb_line_break_holder] -->#sign:hover {<!-- [et_pb_line_break_holder] -->    background-color: #621708;<!-- [et_pb_line_break_holder] -->    box-shadow: 0px 20px 80px #220901;<!-- [et_pb_line_break_holder] -->    -moz-box-shadow: 0px 20px 80px #220901;<!-- [et_pb_line_break_holder] -->    -webkit-box-shadow: 0px 20px 80px #220901;<!-- [et_pb_line_break_holder] -->    color: #fff;<!-- [et_pb_line_break_holder] -->}<!-- [et_pb_line_break_holder] --> <!-- [et_pb_line_break_holder] -->\/*** style content within the code module ***\/<!-- [et_pb_line_break_holder] --> <!-- [et_pb_line_break_holder] -->.cta-info{<!-- [et_pb_line_break_holder] -->    color: #fff;<!-- [et_pb_line_break_holder] -->    text-align: center;<!-- [et_pb_line_break_holder] -->    margin: 0 auto !important;<!-- [et_pb_line_break_holder] -->    max-width: 96%;<!-- [et_pb_line_break_holder] -->    padding: 50px 10px;<!-- [et_pb_line_break_holder] -->}<!-- [et_pb_line_break_holder] -->.cta-info h3 {color: #fff;}<!-- [et_pb_line_break_holder] -->.cta-list {text-align: left;}<!-- [et_pb_line_break_holder] -->ul.cta-list li:before {<!-- [et_pb_line_break_holder] -->  font-family: 'ETmodules'!important;<!-- [et_pb_line_break_holder] -->    speak: none;<!-- [et_pb_line_break_holder] -->    font-style: normal;<!-- [et_pb_line_break_holder] -->    font-weight: 400;<!-- [et_pb_line_break_holder] -->    -webkit-font-feature-settings: normal;<!-- [et_pb_line_break_holder] -->    font-feature-settings: normal;<!-- [et_pb_line_break_holder] -->    font-variant: normal;<!-- [et_pb_line_break_holder] -->    text-transform: none;<!-- [et_pb_line_break_holder] -->    line-height: 1;<!-- [et_pb_line_break_holder] -->    -webkit-font-smoothing: antialiased;<!-- [et_pb_line_break_holder] -->    -moz-osx-font-smoothing: grayscale;<!-- [et_pb_line_break_holder] -->    text-shadow: 0px 0px;<!-- [et_pb_line_break_holder] -->    direction: ltr;<!-- [et_pb_line_break_holder] -->    font-size: 22px;<!-- [et_pb_line_break_holder] -->    content: \"\\4e\";<!-- [et_pb_line_break_holder] -->    position: absolute;<!-- [et_pb_line_break_holder] -->    margin-left: -29px;<!-- [et_pb_line_break_holder] -->    margin-top: 7px;<!-- [et_pb_line_break_holder] -->}<!-- [et_pb_line_break_holder] --><\/style>\n<p><!-- [et_pb_line_break_holder] --><\/p>\n<div class=\"cta-info\"><!-- [et_pb_line_break_holder] --> <!-- [et_pb_line_break_holder] --><\/p>\n<h3>Vrei s\u0103 achizi\u021bionezi uleiurile esen\u021biale sau produsele doTERRA? <\/h3>\n<p><!-- [et_pb_line_break_holder] --> <!-- [et_pb_line_break_holder] --><pee style=\"text-align: left;\">Cea mai avantajoas\u0103 metod\u0103 de a intra \u00een posesia uleiurilor esen\u0163iale \u015fi a produselor de la doTERRA este prin crearea unui cont de membru (client) doTERRA. <!\u2013- [et_pb_br_holder] -\u2013>Cre\u00e2ndu-\u021bi un cont de membru (client) doTERRA ai o mul\u021bime de avantaje:<\/pee><img loading=\"lazy\" decoding=\"async\" class=\"alignright size-full wp-image-51781\" src=\"https:\/\/www.dianagubas.com\/new\/wp-content\/uploads\/2022\/01\/cadou_cont_nou.png\" alt=\"Avantaj client NOU: iti oferim GRATIS fractionate coconut oil si capsule vegetale\" width=\"353\" height=\"389\" srcset=\"https:\/\/www.dianagubas.com\/new\/wp-content\/uploads\/2022\/01\/cadou_cont_nou.png 353w, https:\/\/www.dianagubas.com\/new\/wp-content\/uploads\/2022\/01\/cadou_cont_nou-11x12.png 11w, https:\/\/www.dianagubas.com\/new\/wp-content\/uploads\/2022\/01\/cadou_cont_nou-300x331.png 300w\" sizes=\"(max-width: 353px) 100vw, 353px\" \/><!-- [et_pb_line_break_holder] --><\/p>\n<ul class=\"cta-list\"><!-- [et_pb_line_break_holder] -->  <\/p>\n<li>Reducere 25% \u00eenc\u0103 de la prima cump\u0103ratur\u0103.<\/li>\n<p><!-- [et_pb_line_break_holder] -->  <\/p>\n<li>Programul de loialitate LRP cu acumulare de puncte<\/li>\n<p><!-- [et_pb_line_break_holder] -->  <\/p>\n<li>Promo\u021bii lunare (produsul lunii gratis).<\/li>\n<p><!-- [et_pb_line_break_holder] -->  <\/p>\n<li>Avantaj client NOU: iti oferim GRATIS ulei de cocos fractionat si capsule vegetale<\/li>\n<p><!-- [et_pb_line_break_holder] -->  <\/p>\n<li>Asisten\u021b\u0103 personal\u0103 \u00een utilizarea uleiurilor esen\u021biale doTERRA.<\/li>\n<p><!-- [et_pb_line_break_holder] --><\/ul>\n<p><!-- [et_pb_line_break_holder] --><pee style=\"text-align:center; display:none;\"><!-- [et_pb_line_break_holder] --> <a href=\"\/creare-cont-doterra\/\" style=\"color: #fff; text-decoration: underline;\">Afl\u0103 mai multe despre ce \u00eenseamn\u0103 s\u0103 fii membru doTERRA.<\/a><!-- [et_pb_line_break_holder] --><\/pee><!-- [et_pb_line_break_holder] -->  <pee style=\"text-align:center;\"><a href=\"\/creare-cont-doterra\/\" id=\"sign\">De ce sa imi fac cont doTERRA?<\/a><\/pee><!-- [et_pb_line_break_holder] --><\/div>\n<p>[\/et_pb_code][\/et_pb_column][\/et_pb_row][\/et_pb_section]<\/p>\n","protected":false},"excerpt":{"rendered":"<p>Uleiul esen\u021bial de T\u0103m\u00e2ie este ob\u021binut din r\u0103\u0219ina arborelui Boswellia sacra, o substan\u021b\u0103 asem\u0103n\u0103toare sevei, cu o v\u00e2scozitate ridicat\u0103.Timp de secole, r\u0103\u0219ina arborelui a fost ob\u021binut\u0103 prin t\u0103ierea sau efectuarea unei incizii \u00een copac, din care curgeau apoi cantit\u0103\u021bi mari de r\u0103\u0219in\u0103, r\u0103zuite sau colectate c\u00e2nd picurau pe p\u0103m\u00e2nt. Uleiul esen\u021bial de T\u0103m\u00e2ie doTerra este [&hellip;]<\/p>\n","protected":false},"featured_media":50119,"template":"","meta":{"_acf_changed":false,"_et_pb_use_builder":"on","_et_pb_old_content":"","_et_gb_content_width":"","inline_featured_image":false},"product_brand":[],"product_cat":[70,63],"product_tag":[],"class_list":{"0":"post-50118","1":"product","2":"type-product","3":"status-publish","4":"has-post-thumbnail","6":"product_cat-uleiuri-individuale","7":"product_cat-uleiuri-esentiale-doterra","9":"first","10":"instock","11":"sale","12":"shipping-taxable","13":"purchasable","14":"product-type-simple"},"acf":[],"_links":{"self":[{"href":"https:\/\/www.dianagubas.com\/en\/wp-json\/wp\/v2\/product\/50118","targetHints":{"allow":["GET"]}}],"collection":[{"href":"https:\/\/www.dianagubas.com\/en\/wp-json\/wp\/v2\/product"}],"about":[{"href":"https:\/\/www.dianagubas.com\/en\/wp-json\/wp\/v2\/types\/product"}],"wp:featuredmedia":[{"embeddable":true,"href":"https:\/\/www.dianagubas.com\/en\/wp-json\/wp\/v2\/media\/50119"}],"wp:attachment":[{"href":"https:\/\/www.dianagubas.com\/en\/wp-json\/wp\/v2\/media?parent=50118"}],"wp:term":[{"taxonomy":"product_brand","embeddable":true,"href":"https:\/\/www.dianagubas.com\/en\/wp-json\/wp\/v2\/product_brand?post=50118"},{"taxonomy":"product_cat","embeddable":true,"href":"https:\/\/www.dianagubas.com\/en\/wp-json\/wp\/v2\/product_cat?post=50118"},{"taxonomy":"product_tag","embeddable":true,"href":"https:\/\/www.dianagubas.com\/en\/wp-json\/wp\/v2\/product_tag?post=50118"}],"curies":[{"name":"wp","href":"https:\/\/api.w.org\/{rel}","templated":true}]}}