{"id":51036,"date":"2021-09-16T15:06:58","date_gmt":"2021-09-16T13:06:58","guid":{"rendered":"https:\/\/www.dianagubas.com\/?post_type=product&#038;p=51036"},"modified":"2024-03-01T15:25:55","modified_gmt":"2024-03-01T13:25:55","slug":"amestec-roll-on-oregano-touch-oregano-touch-doterra-10-ml","status":"publish","type":"product","link":"https:\/\/www.dianagubas.com\/en\/aromaterapie\/amestec-roll-on-oregano-touch-oregano-touch-doterra-10-ml\/","title":{"rendered":"Amestec roll-on Oregano Touch (Oregano Touch) doTerra (10 ml)"},"content":{"rendered":"<p>[et_pb_section fb_built=&#8221;1&#8243; _builder_version=&#8221;4.16&#8243; _module_preset=&#8221;default&#8221; global_colors_info=&#8221;{}&#8221;][et_pb_row _builder_version=&#8221;4.16&#8243; _module_preset=&#8221;default&#8221; global_colors_info=&#8221;{}&#8221;][et_pb_column type=&#8221;4_4&#8243; _builder_version=&#8221;4.16&#8243; _module_preset=&#8221;default&#8221; global_colors_info=&#8221;{}&#8221;][et_pb_wc_title _builder_version=&#8221;4.16&#8243; _module_preset=&#8221;default&#8221; header_text_align=&#8221;center&#8221; global_colors_info=&#8221;{}&#8221;][\/et_pb_wc_title][et_pb_video src=&#8221;https:\/\/youtu.be\/uOh4CyEy2hU&#8221; _builder_version=&#8221;4.16&#8243; _module_preset=&#8221;default&#8221; global_colors_info=&#8221;{}&#8221;][\/et_pb_video][\/et_pb_column][\/et_pb_row][\/et_pb_section][et_pb_section fb_built=&#8221;1&#8243; _builder_version=&#8221;4.16&#8243; _module_preset=&#8221;default&#8221; global_colors_info=&#8221;{}&#8221;][et_pb_row column_structure=&#8221;2_5,3_5&#8243; _builder_version=&#8221;4.16&#8243; _module_preset=&#8221;default&#8221; global_colors_info=&#8221;{}&#8221;][et_pb_column type=&#8221;2_5&#8243; _builder_version=&#8221;4.16&#8243; _module_preset=&#8221;default&#8221; global_colors_info=&#8221;{}&#8221;][et_pb_wc_images show_sale_badge=&#8221;off&#8221; _builder_version=&#8221;4.16&#8243; _module_preset=&#8221;default&#8221; global_colors_info=&#8221;{}&#8221;][\/et_pb_wc_images][\/et_pb_column][et_pb_column type=&#8221;3_5&#8243; _builder_version=&#8221;4.16&#8243; _module_preset=&#8221;default&#8221; global_colors_info=&#8221;{}&#8221;][et_pb_text admin_label=&#8221;Descriere&#8221; _builder_version=&#8221;4.16&#8243; _module_preset=&#8221;default&#8221; global_colors_info=&#8221;{}&#8221;]<\/p>\n<p>Amestecul roll-on Oregano Touch de la doTerra combin\u0103 Uleiul esen\u021bial de Oregano \u0219i Uleiul de cocos frac\u021bionat pentru a oferi persoanelor cu pielea delicat\u0103 sau sensibil\u0103 acelea\u0219i beneficii purificatoare ale uleiului esen\u021bial de Oregano do Terra.<br \/>Unul dintre cele mai versatile \u0219i puternice uleiuri esen\u021biale doTerra, Uleiul de Oregano este o prezen\u021b\u0103 obligatorie \u00een fiecare cas\u0103, iar acum \u0219i \u00een orice geant\u0103 sau bagaj de c\u0103l\u0103torie, datorit\u0103 formulei sale delicate \u0219i practice &#8211; Oregano Touch, diluat\u0103 cu Ulei de cocos frac\u021bionat.<\/p>\n<p>[\/et_pb_text][et_pb_text admin_label=&#8221;Descriere&#8221; _builder_version=&#8221;4.16&#8243; _module_preset=&#8221;default&#8221; global_colors_info=&#8221;{}&#8221;]<\/p>\n<p>Amestecul roll-on Neroli Touch de la doTerra combin\u0103 Uleiul esen\u021bial de Neroli \u0219i Uleiul de cocos frac\u021bionat, pentru a oferi persoanelor cu pielea delicat\u0103 sau sensibil\u0103 acelea\u0219i beneficii ale uleiului esen\u021bial de Neroli, care favorizeaz\u0103 relaxarea, binedispune \u0219i calmeaz\u0103 pielea.<\/p>\n<p>Aroma unic\u0103 a Neroli Touch este dulce, floral\u0103, citric\u0103 \u0219i proasp\u0103t\u0103, provenind din florile de portocal amar. Uleiul esen\u021bial de petale de Neroli este renumit pentru calmarea pielii \u0219i pentru parfumul s\u0103u \u00een\u0103l\u021b\u0103tor.<br \/>Fiind diluat \u00eentr-o baza de ulei de cocos frac\u021bionat, Neroli Touch este conceput \u00een primul r\u00e2nd pentru utilizare local\u0103 sau aromat\u0103.<\/p>\n<p>Datorit\u0103 multifunc\u021bionalit\u0103\u021bii sale \u0219i numeroaselor beneficii, uleiul esen\u021bial de Neroli este unul dintre cele mai populare uleiuri esen\u021biale doTerra, cu at\u00e2t mai mult \u00een formula Neroli Touch de la doTerra, comod\u0103 \u0219i u\u0219or de folosit oriunde \u0219i oric\u00e2nd, datorit\u0103 flaconului roll-on.<\/p>\n<p>[\/et_pb_text][et_pb_divider color=&#8221;#e3e0df&#8221; _builder_version=&#8221;4.16&#8243; _module_preset=&#8221;default&#8221; global_colors_info=&#8221;{}&#8221;][\/et_pb_divider][et_pb_text admin_label=&#8221;Pret fara cont&#8221; module_class=&#8221;regular_price&#8221; _builder_version=&#8221;4.16&#8243; _dynamic_attributes=&#8221;content&#8221; _module_preset=&#8221;default&#8221; global_colors_info=&#8221;{}&#8221;]@ET-DC@eyJkeW5hbWljIjp0cnVlLCJjb250ZW50IjoiY3VzdG9tX21ldGFfX3JlZ3VsYXJfcHJpY2UiLCJzZXR0aW5ncyI6eyJiZWZvcmUiOiJQUkVcdTAyMWEgRlx1MDEwMlJcdTAxMDIgQ09OVCBET1RFUlJBIDogIiwiYWZ0ZXIiOiJcdTIwYWMiLCJlbmFibGVfaHRtbCI6Im9uIn19@[\/et_pb_text][et_pb_text admin_label=&#8221;Pret membru&#8221; module_class=&#8221;member_price&#8221; _builder_version=&#8221;4.16&#8243; _dynamic_attributes=&#8221;content&#8221; _module_preset=&#8221;default&#8221; global_colors_info=&#8221;{}&#8221;]@ET-DC@eyJkeW5hbWljIjp0cnVlLCJjb250ZW50IjoiY3VzdG9tX21ldGFfX3NhbGVfcHJpY2UiLCJzZXR0aW5ncyI6eyJiZWZvcmUiOiJQUkVcdTAyMWEgREUgTUVNQlJVOiIsImFmdGVyIjoiXHUyMGFjIiwiZW5hYmxlX2h0bWwiOiJvbiJ9fQ==@[\/et_pb_text][et_pb_divider color=&#8221;#e3e0df&#8221; _builder_version=&#8221;4.16&#8243; _module_preset=&#8221;default&#8221; global_colors_info=&#8221;{}&#8221;][\/et_pb_divider][et_pb_button button_url=&#8221;@ET-DC@eyJkeW5hbWljIjp0cnVlLCJjb250ZW50IjoiY3VzdG9tX21ldGFfbGlua19jb21hbmRhIiwic2V0dGluZ3MiOnsiYmVmb3JlIjoiIiwiYWZ0ZXIiOiIiLCJlbmFibGVfaHRtbCI6Im9mZiJ9fQ==@&#8221; button_text=&#8221;COMANDA RAPID&#8221; admin_label=&#8221;Buton&#8221; _builder_version=&#8221;4.19.4&#8243; _dynamic_attributes=&#8221;button_url&#8221; _module_preset=&#8221;default&#8221; global_module=&#8221;50890&#8243; saved_tabs=&#8221;all&#8221; global_colors_info=&#8221;{}&#8221;][\/et_pb_button][et_pb_text admin_label=&#8221;Vreau sa devin membru&#8221; _builder_version=&#8221;4.19.4&#8243; _module_preset=&#8221;default&#8221; saved_tabs=&#8221;all&#8221; global_colors_info=&#8221;{}&#8221; global_module=&#8221;52172&#8243; theme_builder_area=&#8221;post_content&#8221;]<\/p>\n<p><a href=\"#membru\">Vreau sa devin membru doTerra!<\/a><\/p>\n<p>[\/et_pb_text][\/et_pb_column][\/et_pb_row][\/et_pb_section][et_pb_section fb_built=&#8221;1&#8243; admin_label=&#8221;Sectiune #f8f2ea bg &#8211; Descriere&#8221; _builder_version=&#8221;4.16&#8243; _module_preset=&#8221;default&#8221; background_color=&#8221;#f8f2ea&#8221; global_colors_info=&#8221;{}&#8221;][et_pb_row _builder_version=&#8221;4.16&#8243; _module_preset=&#8221;default&#8221; global_colors_info=&#8221;{}&#8221;][et_pb_column type=&#8221;4_4&#8243; _builder_version=&#8221;4.16&#8243; _module_preset=&#8221;default&#8221; global_colors_info=&#8221;{}&#8221;][et_pb_text _builder_version=&#8221;4.16&#8243; _module_preset=&#8221;default&#8221; global_colors_info=&#8221;{}&#8221;]<\/p>\n<h3>Amestec roll-on Oregano Touch doTerra \u2013 Descriere<\/h3>\n<p>Uleiul esen\u021bial de Oregano are o compozi\u021bie chimic\u0103 extrem de puternic\u0103 \u0219i nu poate fi folosit pe piele nediluat. Astfel, formula Oregano Touch de la doTerra a venit ca o necesitate nu numai pentru persoanele cu o piele delicat\u0103 \u0219i sensibil\u0103, ci \u0219i pentru toti cei care vor s\u0103 se bucure de beneficiile topice ale acestui ulei f\u0103r\u0103 s\u0103 piard\u0103 timp cu preg\u0103tirea unor amestecuri diluate.<\/p>\n<p>OreganoTouch vine gata diluat \u0219i \u00ee\u021bi permite s\u0103 te bucuri de beneficiile sale \u00een orice moment \u0219i oriunde te-ai afla.<br \/>Uleiul esen\u021bial de Oregano doTerra are o concentra\u021bie ridicat\u0103 de carvacol \u0219i de timol, dou\u0103 componente chimice cu propriet\u0103\u021bi purificatoare, pe care le utilizeaz\u0103 \u00een avantajul s\u0103u, devenind unul dintre cei mai buni agen\u021bi de cur\u0103\u021bare din lumea uleiurilor esen\u021biale.<br \/>Propriet\u0103\u021bile de cur\u0103\u021bare \u0219i purificare a pielii \u00ee\u0219i vor face sim\u021bit\u0103 prezen\u021ba \u0219i \u00een amestecul roll-on Oregano Touch.<\/p>\n<p>Amestecul Oregano Touch poate fi folosit local \u0219i \u00een cadrul unui masaj relaxant, dup\u0103 o zi lung\u0103 de munc\u0103 sau dup\u0103 efort fizic sus\u021binut.<br \/>Indiferent de modul \u00een care utilizezi doTerra Oregano Touch, amestecul marca doTerra este un produs minunat pe care trebuie s\u0103 \u00eel ai mereu la \u00eendem\u00e2n\u0103, acas\u0103, la birou sau c\u00e2nd e\u0219ti \u00een mi\u0219care.<\/p>\n<p>[\/et_pb_text][\/et_pb_column][\/et_pb_row][\/et_pb_section][et_pb_section fb_built=&#8221;1&#8243; admin_label=&#8221;Sectiune white bg &#8211; Beneficii \u0219i Mod de utilizare&#8221; _builder_version=&#8221;4.16&#8243; _module_preset=&#8221;default&#8221; background_enable_color=&#8221;off&#8221; global_colors_info=&#8221;{}&#8221;][et_pb_row _builder_version=&#8221;4.16&#8243; _module_preset=&#8221;default&#8221; global_colors_info=&#8221;{}&#8221;][et_pb_column type=&#8221;4_4&#8243; _builder_version=&#8221;4.16&#8243; _module_preset=&#8221;default&#8221; global_colors_info=&#8221;{}&#8221;][et_pb_text _builder_version=&#8221;4.16&#8243; _module_preset=&#8221;default&#8221; global_colors_info=&#8221;{}&#8221;]<\/p>\n<h3>Amestec roll-on Oregano Touch doTerra \u2013 Beneficii \u0219i Mod de utilizare<\/h3>\n<ul>\n<li>\u00a0Aplic\u0103 Oregano Touch pe t\u0103lpi cu ajutorul flaconului roll-on pentru a te bucura de efectele sale de cur\u0103\u021bare.<\/li>\n<li>\u00a0Aplic\u0103 pe parcursul zilei amestecul Oregano Touch pe m\u00e2ini \u0219i freac\u0103-le una de alta pentru o cur\u0103\u021bare temeinic\u0103.<\/li>\n<li>\u00a0Combin\u0103 Oregano Touch cu ulei esen\u021bial de Ment\u0103, pentru un masaj cu efect de \u00eenc\u0103lzire. Oregano \u0219i Menta func\u021bioneaz\u0103 foarte bine \u00eempreun\u0103, cre\u00e2nd o sinergie perfect\u0103 \u0219i poten\u021b\u00e2ndu-\u0219i unul altuia aromele \u0219i beneficiile.<\/li>\n<li>\u00a0Aplic\u0103 amestecul roll-on Oregano Touch pe imperfec\u021biunile pielii pentru a cur\u0103\u021ba \u0219i trata punctual.<\/li>\n<li>\u00a0Aplic\u0103 Oregano Touch, la nevoie, pentru cur\u0103\u021batea \u0219i purificarea pielii \u0219i unghiilor. Aplic\u0103 \u00een strat sub\u021bire pe patul unghial, cu ajutorul flaconului roll-in, \u0219i maseaz\u0103 u\u0219or.<\/li>\n<li>\u00a0\u00centinde amestecul roll-on Oregano Touch \u00een strat sub\u021bire pe m\u00e2ni, adaug\u0103 o pic\u0103tur\u0103 de s\u0103pun lichid \u0219i freac\u0103 apoi bine m\u00e2inile \u0219i cl\u0103te\u0219te, bucur\u00e2ndu-te astfel de beneficiile de cur\u0103\u021bare sporite ale uleiului esen\u021bial de Oregano.<\/li>\n<\/ul>\n<p>[\/et_pb_text][\/et_pb_column][\/et_pb_row][\/et_pb_section][et_pb_section fb_built=&#8221;1&#8243; admin_label=&#8221;Sectiune #f8f2ea bg &#8211; Instruc\u021biuni de utilizare&#8221; _builder_version=&#8221;4.16&#8243; _module_preset=&#8221;default&#8221; background_color=&#8221;#f8f2ea&#8221; global_colors_info=&#8221;{}&#8221;][et_pb_row _builder_version=&#8221;4.16&#8243; _module_preset=&#8221;default&#8221; global_colors_info=&#8221;{}&#8221;][et_pb_column type=&#8221;4_4&#8243; _builder_version=&#8221;4.16&#8243; _module_preset=&#8221;default&#8221; global_colors_info=&#8221;{}&#8221;][et_pb_text _builder_version=&#8221;4.16&#8243; _module_preset=&#8221;default&#8221; global_colors_info=&#8221;{}&#8221;]<\/p>\n<h3>Amestec roll-on Oregano Touch doTerra \u2013 Instruc\u021biuni de utilizare<\/h3>\n<p><strong>Uz extern:<\/strong> Aplic\u0103 pe piele pentru parfumare \u0219i \u00eengrijirea pielii sau pentru masaj, cu ajutorul flaconului roll-on. Nu necesit\u0103 diluare suplimentar\u0103.<\/p>\n<p>[\/et_pb_text][\/et_pb_column][\/et_pb_row][\/et_pb_section][et_pb_section fb_built=&#8221;1&#8243; admin_label=&#8221;Sectiune white bg &#8211; Ingrediente&#8221; _builder_version=&#8221;4.16&#8243; _module_preset=&#8221;default&#8221; background_enable_color=&#8221;off&#8221; global_colors_info=&#8221;{}&#8221;][et_pb_row _builder_version=&#8221;4.16&#8243; _module_preset=&#8221;default&#8221; global_colors_info=&#8221;{}&#8221;][et_pb_column type=&#8221;4_4&#8243; _builder_version=&#8221;4.16&#8243; _module_preset=&#8221;default&#8221; global_colors_info=&#8221;{}&#8221;][et_pb_text _builder_version=&#8221;4.16&#8243; _module_preset=&#8221;default&#8221; global_colors_info=&#8221;{}&#8221;]<\/p>\n<h3>Amestec roll-on Oregano Touch doTerra \u2013 Ingrediente<\/h3>\n<p>Ulei esen\u021bial de Oregano<br \/>Ulei de cocos frac\u021bionat<\/p>\n<p>[\/et_pb_text][\/et_pb_column][\/et_pb_row][\/et_pb_section][et_pb_section fb_built=&#8221;1&#8243; admin_label=&#8221;Sectiune #f8f2ea bg &#8211; M\u0103suri de precau\u021bie&#8221; _builder_version=&#8221;4.16&#8243; _module_preset=&#8221;default&#8221; background_color=&#8221;#f8f2ea&#8221; global_colors_info=&#8221;{}&#8221;][et_pb_row _builder_version=&#8221;4.16&#8243; _module_preset=&#8221;default&#8221; global_colors_info=&#8221;{}&#8221;][et_pb_column type=&#8221;4_4&#8243; _builder_version=&#8221;4.16&#8243; _module_preset=&#8221;default&#8221; global_colors_info=&#8221;{}&#8221;][et_pb_text _builder_version=&#8221;4.16&#8243; _module_preset=&#8221;default&#8221; global_colors_info=&#8221;{}&#8221;]<\/p>\n<h3>Ulei esen\u021bial de Oregano doTerra \u2013 M\u0103suri de precau\u021bie<\/h3>\n<p>Posibil\u0103 sensibilitate cutanat\u0103. A nu se l\u0103sa la \u00eendem\u00e2na copiilor. Dac\u0103 e\u0219ti \u00eens\u0103rcinat\u0103, al\u0103ptezi sau e\u0219ti sub supraveghere medical\u0103, stai de vorb\u0103 cu medicul \u00eenainte de a folosi amestecul Oregano Touch. Evit\u0103 contactul cu ochii, urechea intern\u0103 \u0219i zonele sensibile.<\/p>\n<p><strong>Descriere aromatic\u0103:<\/strong> erbaceu, acru, verde, camforaceu<br \/><strong>Constituen\u021bii principali:<\/strong> carvacrol, timol, para-cimen \u03b3-terpinen<br \/><strong>Por\u021bia de servire:<\/strong> 1 pic\u0103tur\u0103<br \/><strong>Un flacon de 10 ml:<\/strong> con\u021bine 170 de pic\u0103turi<\/p>\n<p><strong>Furnizor:<\/strong> import USA, doTerra LLC 389 South West Pleasant Grove UT 84062.<\/p>\n<p>Toate produsele doTerra sunt Certificate \u00een USA cu Certificat cu grad terapeutic pur.<\/p>\n<p>[\/et_pb_text][\/et_pb_column][\/et_pb_row][\/et_pb_section][et_pb_section fb_built=&#8221;1&#8243; admin_label=&#8221;Disclaimer&#8221; _builder_version=&#8221;4.9.10&#8243; _module_preset=&#8221;default&#8221; custom_margin=&#8221;0px||0px||false|false&#8221; custom_padding=&#8221;30px||30px||true|false&#8221; global_module=&#8221;49931&#8243; saved_tabs=&#8221;all&#8221; global_colors_info=&#8221;{}&#8221;][et_pb_row _builder_version=&#8221;4.16&#8243; _module_preset=&#8221;default&#8221; global_colors_info=&#8221;{}&#8221;][et_pb_column type=&#8221;4_4&#8243; _builder_version=&#8221;4.16&#8243; _module_preset=&#8221;default&#8221; global_colors_info=&#8221;{}&#8221;][et_pb_divider _builder_version=&#8221;4.16&#8243; _module_preset=&#8221;default&#8221; width=&#8221;100px&#8221; max_width=&#8221;100px&#8221; custom_margin=&#8221;0px||0px||false|false&#8221; custom_padding=&#8221;0px||0px||false|false&#8221; global_colors_info=&#8221;{}&#8221;][\/et_pb_divider][et_pb_text _builder_version=&#8221;4.16&#8243; _module_preset=&#8221;default&#8221; global_colors_info=&#8221;{}&#8221;]<\/p>\n<p><img loading=\"lazy\" decoding=\"async\" src=\"https:\/\/www.dianagubas.com\/new\/wp-content\/uploads\/2021\/08\/alert-circle@1x.png\" width=\"24\" height=\"24\" alt=\"\" class=\"wp-image-49942 alignleft size-full\" srcset=\"https:\/\/www.dianagubas.com\/new\/wp-content\/uploads\/2021\/08\/alert-circle@1x.png 24w, https:\/\/www.dianagubas.com\/new\/wp-content\/uploads\/2021\/08\/alert-circle@1x-12x12.png 12w\" sizes=\"(max-width: 24px) 100vw, 24px\" \/>Acest produs nu are rolul de a diagnostica, trata, vindeca sau preveni orice boal\u0103. Consult\u0103 medicul \u00eenainte de utilizare. Dac\u0103 ai alergie la oricare component din compozi\u021bie, nu folosi acest produs.<\/p>\n<p>[\/et_pb_text][\/et_pb_column][\/et_pb_row][\/et_pb_section][et_pb_section fb_built=&#8221;1&#8243; admin_label=&#8221;CTA&#8221; _builder_version=&#8221;4.14.5&#8243; _module_preset=&#8221;default&#8221; background_enable_color=&#8221;off&#8221; width=&#8221;100%&#8221; max_width=&#8221;100%&#8221; custom_margin=&#8221;||50px||false|false&#8221; global_module=&#8221;49932&#8243; saved_tabs=&#8221;all&#8221; global_colors_info=&#8221;{}&#8221;][et_pb_row module_id=&#8221;cta-row&#8221; _builder_version=&#8221;4.16&#8243; _module_preset=&#8221;default&#8221; width=&#8221;96%&#8221; border_radii=&#8221;on|30px|30px|30px|30px&#8221; global_colors_info=&#8221;{}&#8221;][et_pb_column type=&#8221;4_4&#8243; _builder_version=&#8221;4.16&#8243; _module_preset=&#8221;default&#8221; global_colors_info=&#8221;{}&#8221;][et_pb_code module_id=&#8221;cta-section&#8221; _builder_version=&#8221;4.17.4&#8243; _module_preset=&#8221;default&#8221; global_colors_info=&#8221;{}&#8221;]<\/p>\n<style>\/* Animated Call To Action *\/<!-- [et_pb_line_break_holder] --> <!-- [et_pb_line_break_holder] -->\/*** style CTA section and row when waypoint is not triggered ***\/<!-- [et_pb_line_break_holder] -->#cta-section {<!-- [et_pb_line_break_holder] -->    padding: 0 80px;<!-- [et_pb_line_break_holder] -->    transition: all .8s ease;<!-- [et_pb_line_break_holder] -->    -moz-transition: all .8s ease;<!-- [et_pb_line_break_holder] -->    -webkit-transition: all .8s ease;<!-- [et_pb_line_break_holder] -->}<!-- [et_pb_line_break_holder] -->#cta-row {<!-- [et_pb_line_break_holder] -->    margin: 80px auto 0 auto;<!-- [et_pb_line_break_holder] -->    padding: 80px 0;<!-- [et_pb_line_break_holder] -->    max-width: 100%;<!-- [et_pb_line_break_holder] -->    background-color: #cda575;<!-- [et_pb_line_break_holder] -->    -moz-border-radius: 20px;<!-- [et_pb_line_break_holder] -->    -webkit-border-radius: 20px;<!-- [et_pb_line_break_holder] -->    border-radius: 20px;<!-- [et_pb_line_break_holder] -->    box-shadow: 0px 10px 50px #939fa9;<!-- [et_pb_line_break_holder] -->    transition: all .8s ease;<!-- [et_pb_line_break_holder] -->    -moz-transition: all .8s ease;<!-- [et_pb_line_break_holder] -->    -webkit-transition: all .8s ease;<!-- [et_pb_line_break_holder] --> <!-- [et_pb_line_break_holder] -->}<!-- [et_pb_line_break_holder] -->\/*** Style CTA section and row once waypoint toggles animate-cta class ***\/<!-- [et_pb_line_break_holder] -->#cta-section.animate-cta {<!-- [et_pb_line_break_holder] -->    padding: 46px 0 66px 0;<!-- [et_pb_line_break_holder] -->    overflow: hidden;<!-- [et_pb_line_break_holder] -->}<!-- [et_pb_line_break_holder] -->.animate-cta #cta-row {<!-- [et_pb_line_break_holder] -->    margin: 0 auto 0 auto;<!-- [et_pb_line_break_holder] -->    -webkit-transform: scale(1.1);<!-- [et_pb_line_break_holder] -->    transform: scale(1.1);<!-- [et_pb_line_break_holder] -->    background-color: #cda575;<!-- [et_pb_line_break_holder] -->    width: inherit;<!-- [et_pb_line_break_holder] -->}<!-- [et_pb_line_break_holder] -->\/*** style button ***\/<!-- [et_pb_line_break_holder] --> <!-- [et_pb_line_break_holder] -->#sign {<!-- [et_pb_line_break_holder] -->    display: inline-block;<!-- [et_pb_line_break_holder] -->    color: #fff;<!-- [et_pb_line_break_holder] -->    text-transform: uppercase;<!-- [et_pb_line_break_holder] -->    font-size: 16px;<!-- [et_pb_line_break_holder] -->    font-weight: 600;<!-- [et_pb_line_break_holder] -->    background-color: #000000;<!-- [et_pb_line_break_holder] -->    padding: 20px 40px;<!-- [et_pb_line_break_holder] -->    margin-top: 30px;<!-- [et_pb_line_break_holder] -->    border-radius: 60px;<!-- [et_pb_line_break_holder] -->    -webkit-border-radius: 60px;<!-- [et_pb_line_break_holder] -->    -moz-border-radius: 60px;<!-- [et_pb_line_break_holder] -->    transition: all .8s ease;<!-- [et_pb_line_break_holder] -->    -webkit-transition: all .8s ease;<!-- [et_pb_line_break_holder] -->    -webkit-transition: all .8s ease;<!-- [et_pb_line_break_holder] -->    box-shadow: 0px 5px 20px #220901;<!-- [et_pb_line_break_holder] -->    -moz-box-shadow: 0px 5px 20px #220901;<!-- [et_pb_line_break_holder] -->    -webkit-box-shadow: 0px 10px 50px #220901;<!-- [et_pb_line_break_holder] -->}<!-- [et_pb_line_break_holder] -->#sign:hover {<!-- [et_pb_line_break_holder] -->    background-color: #621708;<!-- [et_pb_line_break_holder] -->    box-shadow: 0px 20px 80px #220901;<!-- [et_pb_line_break_holder] -->    -moz-box-shadow: 0px 20px 80px #220901;<!-- [et_pb_line_break_holder] -->    -webkit-box-shadow: 0px 20px 80px #220901;<!-- [et_pb_line_break_holder] -->    color: #fff;<!-- [et_pb_line_break_holder] -->}<!-- [et_pb_line_break_holder] --> <!-- [et_pb_line_break_holder] -->\/*** style content within the code module ***\/<!-- [et_pb_line_break_holder] --> <!-- [et_pb_line_break_holder] -->.cta-info{<!-- [et_pb_line_break_holder] -->    color: #fff;<!-- [et_pb_line_break_holder] -->    text-align: center;<!-- [et_pb_line_break_holder] -->    margin: 0 auto !important;<!-- [et_pb_line_break_holder] -->    max-width: 96%;<!-- [et_pb_line_break_holder] -->    padding: 50px 10px;<!-- [et_pb_line_break_holder] -->}<!-- [et_pb_line_break_holder] -->.cta-info h3 {color: #fff;}<!-- [et_pb_line_break_holder] -->.cta-list {text-align: left;}<!-- [et_pb_line_break_holder] -->ul.cta-list li:before {<!-- [et_pb_line_break_holder] -->  font-family: 'ETmodules'!important;<!-- [et_pb_line_break_holder] -->    speak: none;<!-- [et_pb_line_break_holder] -->    font-style: normal;<!-- [et_pb_line_break_holder] -->    font-weight: 400;<!-- [et_pb_line_break_holder] -->    -webkit-font-feature-settings: normal;<!-- [et_pb_line_break_holder] -->    font-feature-settings: normal;<!-- [et_pb_line_break_holder] -->    font-variant: normal;<!-- [et_pb_line_break_holder] -->    text-transform: none;<!-- [et_pb_line_break_holder] -->    line-height: 1;<!-- [et_pb_line_break_holder] -->    -webkit-font-smoothing: antialiased;<!-- [et_pb_line_break_holder] -->    -moz-osx-font-smoothing: grayscale;<!-- [et_pb_line_break_holder] -->    text-shadow: 0px 0px;<!-- [et_pb_line_break_holder] -->    direction: ltr;<!-- [et_pb_line_break_holder] -->    font-size: 22px;<!-- [et_pb_line_break_holder] -->    content: \"\\4e\";<!-- [et_pb_line_break_holder] -->    position: absolute;<!-- [et_pb_line_break_holder] -->    margin-left: -29px;<!-- [et_pb_line_break_holder] -->    margin-top: 7px;<!-- [et_pb_line_break_holder] -->}<!-- [et_pb_line_break_holder] --><\/style>\n<p><!-- [et_pb_line_break_holder] --><\/p>\n<div class=\"cta-info\"><!-- [et_pb_line_break_holder] --> <!-- [et_pb_line_break_holder] --><\/p>\n<h3>Vrei s\u0103 achizi\u021bionezi uleiurile esen\u021biale sau produsele doTERRA? <\/h3>\n<p><!-- [et_pb_line_break_holder] --> <!-- [et_pb_line_break_holder] --><pee style=\"text-align: left;\">Cea mai avantajoas\u0103 metod\u0103 de a intra \u00een posesia uleiurilor esen\u0163iale \u015fi a produselor de la doTERRA este prin crearea unui cont de membru (client) doTERRA. <!\u2013- [et_pb_br_holder] -\u2013>Cre\u00e2ndu-\u021bi un cont de membru (client) doTERRA ai o mul\u021bime de avantaje:<\/pee><img loading=\"lazy\" decoding=\"async\" class=\"alignright size-full wp-image-51781\" src=\"https:\/\/www.dianagubas.com\/new\/wp-content\/uploads\/2022\/01\/cadou_cont_nou.png\" alt=\"Avantaj client NOU: iti oferim GRATIS fractionate coconut oil si capsule vegetale\" width=\"353\" height=\"389\" srcset=\"https:\/\/www.dianagubas.com\/new\/wp-content\/uploads\/2022\/01\/cadou_cont_nou.png 353w, https:\/\/www.dianagubas.com\/new\/wp-content\/uploads\/2022\/01\/cadou_cont_nou-11x12.png 11w, https:\/\/www.dianagubas.com\/new\/wp-content\/uploads\/2022\/01\/cadou_cont_nou-300x331.png 300w\" sizes=\"(max-width: 353px) 100vw, 353px\" \/><!-- [et_pb_line_break_holder] --><\/p>\n<ul class=\"cta-list\"><!-- [et_pb_line_break_holder] -->  <\/p>\n<li>Reducere 25% \u00eenc\u0103 de la prima cump\u0103ratur\u0103.<\/li>\n<p><!-- [et_pb_line_break_holder] -->  <\/p>\n<li>Programul de loialitate LRP cu acumulare de puncte<\/li>\n<p><!-- [et_pb_line_break_holder] -->  <\/p>\n<li>Promo\u021bii lunare (produsul lunii gratis).<\/li>\n<p><!-- [et_pb_line_break_holder] -->  <\/p>\n<li>Avantaj client NOU: iti oferim GRATIS ulei de cocos fractionat si capsule vegetale<\/li>\n<p><!-- [et_pb_line_break_holder] -->  <\/p>\n<li>Asisten\u021b\u0103 personal\u0103 \u00een utilizarea uleiurilor esen\u021biale doTERRA.<\/li>\n<p><!-- [et_pb_line_break_holder] --><\/ul>\n<p><!-- [et_pb_line_break_holder] --><pee style=\"text-align:center; display:none;\"><!-- [et_pb_line_break_holder] --> <a href=\"\/creare-cont-doterra\/\" style=\"color: #fff; text-decoration: underline;\">Afl\u0103 mai multe despre ce \u00eenseamn\u0103 s\u0103 fii membru doTERRA.<\/a><!-- [et_pb_line_break_holder] --><\/pee><!-- [et_pb_line_break_holder] -->  <pee style=\"text-align:center;\"><a href=\"\/creare-cont-doterra\/\" id=\"sign\">De ce sa imi fac cont doTERRA?<\/a><\/pee><!-- [et_pb_line_break_holder] --><\/div>\n<p>[\/et_pb_code][\/et_pb_column][\/et_pb_row][\/et_pb_section]<\/p>\n","protected":false},"excerpt":{"rendered":"<p>Amestecul roll-on Oregano Touch de la doTerra combin\u0103 Uleiul esen\u021bial de Oregano \u0219i Uleiul de cocos frac\u021bionat pentru a oferi persoanelor cu pielea delicat\u0103 sau sensibil\u0103 acelea\u0219i beneficii purificatoare ale uleiului esen\u021bial de Oregano do Terra.Unul dintre cele mai versatile \u0219i puternice uleiuri esen\u021biale doTerra, Uleiul de Oregano este o prezen\u021b\u0103 obligatorie \u00een fiecare cas\u0103, [&hellip;]<\/p>\n","protected":false},"featured_media":51154,"template":"","meta":{"_acf_changed":false,"_et_pb_use_builder":"on","_et_pb_old_content":"","_et_gb_content_width":"","inline_featured_image":false},"product_brand":[],"product_cat":[72,63],"product_tag":[],"class_list":{"0":"post-51036","1":"product","2":"type-product","3":"status-publish","4":"has-post-thumbnail","6":"product_cat-amestecuri-roll-on-touch","7":"product_cat-uleiuri-esentiale-doterra","9":"first","10":"instock","11":"sale","12":"shipping-taxable","13":"purchasable","14":"product-type-simple"},"acf":[],"_links":{"self":[{"href":"https:\/\/www.dianagubas.com\/en\/wp-json\/wp\/v2\/product\/51036","targetHints":{"allow":["GET"]}}],"collection":[{"href":"https:\/\/www.dianagubas.com\/en\/wp-json\/wp\/v2\/product"}],"about":[{"href":"https:\/\/www.dianagubas.com\/en\/wp-json\/wp\/v2\/types\/product"}],"wp:featuredmedia":[{"embeddable":true,"href":"https:\/\/www.dianagubas.com\/en\/wp-json\/wp\/v2\/media\/51154"}],"wp:attachment":[{"href":"https:\/\/www.dianagubas.com\/en\/wp-json\/wp\/v2\/media?parent=51036"}],"wp:term":[{"taxonomy":"product_brand","embeddable":true,"href":"https:\/\/www.dianagubas.com\/en\/wp-json\/wp\/v2\/product_brand?post=51036"},{"taxonomy":"product_cat","embeddable":true,"href":"https:\/\/www.dianagubas.com\/en\/wp-json\/wp\/v2\/product_cat?post=51036"},{"taxonomy":"product_tag","embeddable":true,"href":"https:\/\/www.dianagubas.com\/en\/wp-json\/wp\/v2\/product_tag?post=51036"}],"curies":[{"name":"wp","href":"https:\/\/api.w.org\/{rel}","templated":true}]}}