{"id":52687,"date":"2025-03-29T19:46:36","date_gmt":"2025-03-29T17:46:36","guid":{"rendered":"https:\/\/www.dianagubas.com\/?post_type=product&#038;p=52687"},"modified":"2025-03-29T20:08:06","modified_gmt":"2025-03-29T18:08:06","slug":"pudra-de-proteine-din-plante-cu-vanilie-doterra","status":"publish","type":"product","link":"https:\/\/www.dianagubas.com\/en\/aromaterapie\/pudra-de-proteine-din-plante-cu-vanilie-doterra\/","title":{"rendered":"Pudr\u0103 de proteine din plante cu vanilie d\u014dTERRA\u2122"},"content":{"rendered":"<p>[et_pb_section fb_built=&#8221;1&#8243; _builder_version=&#8221;4.16&#8243; _module_preset=&#8221;default&#8221; global_colors_info=&#8221;{}&#8221;][et_pb_row _builder_version=&#8221;4.16&#8243; _module_preset=&#8221;default&#8221; global_colors_info=&#8221;{}&#8221;][et_pb_column type=&#8221;4_4&#8243; _builder_version=&#8221;4.16&#8243; _module_preset=&#8221;default&#8221; global_colors_info=&#8221;{}&#8221;][et_pb_wc_title _builder_version=&#8221;4.16&#8243; _module_preset=&#8221;default&#8221; header_text_align=&#8221;center&#8221; global_colors_info=&#8221;{}&#8221;][\/et_pb_wc_title][et_pb_video src=&#8221;https:\/\/youtu.be\/J9x8IgZTNx0?si=zG_lh-7x6By_bSq9&#8243; _builder_version=&#8221;4.27.4&#8243; _module_preset=&#8221;default&#8221; hover_enabled=&#8221;0&#8243; global_colors_info=&#8221;{}&#8221; sticky_enabled=&#8221;0&#8243;][\/et_pb_video][\/et_pb_column][\/et_pb_row][\/et_pb_section][et_pb_section fb_built=&#8221;1&#8243; _builder_version=&#8221;4.16&#8243; _module_preset=&#8221;default&#8221; global_colors_info=&#8221;{}&#8221;][et_pb_row column_structure=&#8221;2_5,3_5&#8243; _builder_version=&#8221;4.16&#8243; _module_preset=&#8221;default&#8221; global_colors_info=&#8221;{}&#8221;][et_pb_column type=&#8221;2_5&#8243; _builder_version=&#8221;4.16&#8243; _module_preset=&#8221;default&#8221; global_colors_info=&#8221;{}&#8221;][et_pb_wc_images show_sale_badge=&#8221;off&#8221; _builder_version=&#8221;4.16&#8243; _module_preset=&#8221;default&#8221; global_colors_info=&#8221;{}&#8221;][\/et_pb_wc_images][\/et_pb_column][et_pb_column type=&#8221;3_5&#8243; _builder_version=&#8221;4.16&#8243; _module_preset=&#8221;default&#8221; global_colors_info=&#8221;{}&#8221;][et_pb_text admin_label=&#8221;Descriere&#8221; _builder_version=&#8221;4.27.4&#8243; _module_preset=&#8221;default&#8221; hover_enabled=&#8221;0&#8243; global_colors_info=&#8221;{}&#8221; sticky_enabled=&#8221;0&#8243;]<\/p>\n<p>Pudra de proteine doTERRA asigur\u0103 un aport de substan\u021be nutritive esen\u021biale \u0219i energie, printr-un amestec superior de proteine din plante \u0219i gr\u0103simi. Fiecare por\u021bie asigur\u0103 un aport de 24 g de proteine din patru surse: maz\u0103re, n\u0103ut, orez \u0219i cartofi. Dezvoltat\u0103 cu nou\u0103 aminoacizi esen\u021biali (EAA) \u0219i trei aminoacizi cu lan\u021b ramificat (BCAA), aceast\u0103 formul\u0103 este un supliment alimentar de proteine bogat \u00een substan\u021be nutritive, produs \u0219i fabricat \u00een Europa. Amestecul unic de fibre de acacia \u0219i gr\u0103simi s\u0103n\u0103toase din Pudra de proteine doTERRA creeaz\u0103 o textur\u0103 delicios de fin\u0103 \u0219i propriet\u0103\u021bi excelente de omogenizare, oferind totodat\u0103 beneficii suplimentare. Proteinele din cartofi au o valoare nutri\u021bional\u0103 superioar\u0103 comparativ cu alte proteine vegetale, iar proteinele din n\u0103ut \u0219i orez asigur\u0103 un aport de aminoacizi esen\u021biali care contribuie la acoperirea necesarului de proteine al organismului, toate \u00eentr-o pudr\u0103 delicioas\u0103 cu arom\u0103 de vanilie!<\/p>\n<p><strong>Continut:<\/strong> 512g<\/p>\n<p>[\/et_pb_text][et_pb_divider color=&#8221;#e3e0df&#8221; _builder_version=&#8221;4.16&#8243; _module_preset=&#8221;default&#8221; global_colors_info=&#8221;{}&#8221;][\/et_pb_divider][et_pb_text admin_label=&#8221;Pret fara cont&#8221; module_class=&#8221;regular_price&#8221; _builder_version=&#8221;4.16&#8243; _dynamic_attributes=&#8221;content&#8221; _module_preset=&#8221;default&#8221; global_colors_info=&#8221;{}&#8221;]@ET-DC@eyJkeW5hbWljIjp0cnVlLCJjb250ZW50IjoiY3VzdG9tX21ldGFfX3JlZ3VsYXJfcHJpY2UiLCJzZXR0aW5ncyI6eyJiZWZvcmUiOiJQUkVcdTAyMWEgRlx1MDEwMlJcdTAxMDIgQ09OVCBET1RFUlJBIDogIiwiYWZ0ZXIiOiJcdTIwYWMiLCJlbmFibGVfaHRtbCI6Im9uIn19@[\/et_pb_text][et_pb_text admin_label=&#8221;Pret membru&#8221; module_class=&#8221;member_price&#8221; _builder_version=&#8221;4.16&#8243; _dynamic_attributes=&#8221;content&#8221; _module_preset=&#8221;default&#8221; global_colors_info=&#8221;{}&#8221;]@ET-DC@eyJkeW5hbWljIjp0cnVlLCJjb250ZW50IjoiY3VzdG9tX21ldGFfX3NhbGVfcHJpY2UiLCJzZXR0aW5ncyI6eyJiZWZvcmUiOiJQUkVcdTAyMWEgREUgTUVNQlJVOiIsImFmdGVyIjoiXHUyMGFjIiwiZW5hYmxlX2h0bWwiOiJvbiJ9fQ==@[\/et_pb_text][et_pb_divider color=&#8221;#e3e0df&#8221; _builder_version=&#8221;4.16&#8243; _module_preset=&#8221;default&#8221; global_colors_info=&#8221;{}&#8221;][\/et_pb_divider][et_pb_button button_url=&#8221;@ET-DC@eyJkeW5hbWljIjp0cnVlLCJjb250ZW50IjoiY3VzdG9tX21ldGFfbGlua19jb21hbmRhIiwic2V0dGluZ3MiOnsiYmVmb3JlIjoiIiwiYWZ0ZXIiOiIiLCJlbmFibGVfaHRtbCI6Im9mZiJ9fQ==@&#8221; button_text=&#8221;COMANDA RAPID&#8221; admin_label=&#8221;Buton&#8221; _builder_version=&#8221;4.19.4&#8243; _dynamic_attributes=&#8221;button_url&#8221; _module_preset=&#8221;default&#8221; global_module=&#8221;50890&#8243; saved_tabs=&#8221;all&#8221; global_colors_info=&#8221;{}&#8221;][\/et_pb_button][et_pb_text admin_label=&#8221;Vreau sa devin membru&#8221; _builder_version=&#8221;4.20.0&#8243; _module_preset=&#8221;default&#8221; global_module=&#8221;52172&#8243; saved_tabs=&#8221;all&#8221; global_colors_info=&#8221;{}&#8221;]<\/p>\n<p style=\"padding-bottom: 2em!important;\">Vrei sa beneficiezi de toate avantajele unui cont de membru doTERRA?<\/p>\n<p><a class=\"et_pb_button et_pb_button_0\" style=\"border-color: #cda575; font-size: 18px!important; background-color: #cda575; padding: 15px!important;\" href=\"#membru\">Vreau cont doTerra!<\/a><\/p>\n<p>[\/et_pb_text][\/et_pb_column][\/et_pb_row][\/et_pb_section][et_pb_section fb_built=&#8221;1&#8243; admin_label=&#8221;Sectiune #f8f2ea bg &#8211; Descriere&#8221; _builder_version=&#8221;4.16&#8243; _module_preset=&#8221;default&#8221; background_color=&#8221;#f8f2ea&#8221; global_colors_info=&#8221;{}&#8221;][et_pb_row _builder_version=&#8221;4.16&#8243; _module_preset=&#8221;default&#8221; global_colors_info=&#8221;{}&#8221;][et_pb_column type=&#8221;4_4&#8243; _builder_version=&#8221;4.16&#8243; _module_preset=&#8221;default&#8221; global_colors_info=&#8221;{}&#8221;][et_pb_text _builder_version=&#8221;4.27.4&#8243; _module_preset=&#8221;default&#8221; hover_enabled=&#8221;0&#8243; global_colors_info=&#8221;{}&#8221; sticky_enabled=&#8221;0&#8243;]<\/p>\n<h2>Pudr\u0103 de proteine din plante cu vanilie d\u014dTERRA\u2122<\/h2>\n<p><strong>Nutri\u021bie curat\u0103, din natur\u0103 pentru tine<\/strong><\/p>\n<p>Tr\u0103im \u00eentr-o er\u0103 \u00een care nu mai e suficient \u201es\u0103 m\u00e2nc\u0103m bine\u201d. Stresul zilnic, stilul de via\u021b\u0103 agitat \u0219i provoc\u0103rile legate de calitatea alimentelor ne fac s\u0103 ne \u00eentoarcem la ceea ce conteaz\u0103 cu adev\u0103rat: nutri\u021bia esen\u021bial\u0103, simpl\u0103, de \u00eenalt\u0103 calitate. Iar pentru cei care caut\u0103 un supliment proteic vegetal, gustos, curat \u0219i eficient, pudra de proteine din plante cu vanilie de la d\u014dTERRA\u2122 este o alegere care iese \u00een eviden\u021b\u0103.<\/p>\n<p>Pudra de proteine din plante cu vanilie d\u014dTERRA\u2122 este un supliment nutritiv f\u0103r\u0103 compromisuri, conceput pentru a sus\u021bine un stil de via\u021b\u0103 activ, echilibrat \u0219i s\u0103n\u0103tos. Formula sa con\u021bine 24g de proteine vegane per por\u021bie \u0219i un amestec complet din maz\u0103re, n\u0103ut, orez \u0219i cartofi \u2013 surse vegetale valoroase din punct de vedere biologic, oferind to\u021bi cei 9 aminoacizi esen\u021biali \u0219i 3 aminoacizi cu lan\u021b ramificat (BCAA)\u200b.<\/p>\n<p>Este o alegere excelent\u0103 pentru persoanele care:<\/p>\n<ul>\n<li>Evit\u0103 produsele din lapte, gluten, soia sau OMG<\/li>\n<li>Vor un produs cu ingrediente curate, f\u0103r\u0103 zah\u0103r \u0219i f\u0103r\u0103 uleiuri inflamatorii<\/li>\n<li>Caut\u0103 o op\u021biune u\u0219or de digerat, cu aport proteic complet<\/li>\n<li>Pre\u021buiesc sustenabilitatea \u2013 produsul este fabricat \u00een Europa, \u00eentr-un ambalaj ecologic cu 60% mai pu\u021bin plastic\u200b<\/li>\n<\/ul>\n<p>Spre deosebire de multe pudre proteice care promit mult \u0219i livreaz\u0103 pu\u021bin, pudra de la d\u014dTERRA se remarc\u0103 prin:<\/p>\n<ul>\n<li><strong>Compozi\u021bie nutri\u021bional\u0103 echilibrat\u0103:<\/strong> Con\u021bine fibre din acacia \u0219i ulei de trigliceride cu lan\u021b mediu (MCT), benefice pentru digestie \u0219i energie.<\/li>\n<li><strong>Zero alergeni comuni:<\/strong> F\u0103r\u0103 lactate, gluten, soia sau ingrediente artificiale.<\/li>\n<li><strong>Textur\u0103 pl\u0103cut\u0103 \u0219i gust natural de vanilie<\/strong>, f\u0103r\u0103 arome artificiale sau \u00eendulcitori chimici.<\/li>\n<li><strong>Versatilitate<\/strong>: Se poate ad\u0103uga \u00een smoothie-uri, terciuri, re\u021bete de cl\u0103tite sau \u00een shake-uri de dup\u0103 antrenament.<\/li>\n<\/ul>\n<p>Un alt plus major? Este u\u0219or de integrat \u00een alimenta\u021bia zilnic\u0103 f\u0103r\u0103 a-\u021bi crea disconfort digestiv \u2013 un aspect esen\u021bial pentru cei care au \u00eencercat alte formule proteice \u0219i s-au confruntat cu balonare sau disconfort.<\/p>\n<p>&nbsp;<\/p>\n<p>[\/et_pb_text][\/et_pb_column][\/et_pb_row][\/et_pb_section][et_pb_section fb_built=&#8221;1&#8243; admin_label=&#8221;Sectiune white bg &#8211; Beneficii \u0219i Mod de utilizare&#8221; _builder_version=&#8221;4.16&#8243; _module_preset=&#8221;default&#8221; background_enable_color=&#8221;off&#8221; global_colors_info=&#8221;{}&#8221;][et_pb_row _builder_version=&#8221;4.16&#8243; _module_preset=&#8221;default&#8221; global_colors_info=&#8221;{}&#8221;][et_pb_column type=&#8221;4_4&#8243; _builder_version=&#8221;4.16&#8243; _module_preset=&#8221;default&#8221; global_colors_info=&#8221;{}&#8221;][et_pb_text _builder_version=&#8221;4.27.4&#8243; _module_preset=&#8221;default&#8221; hover_enabled=&#8221;0&#8243; global_colors_info=&#8221;{}&#8221; sticky_enabled=&#8221;0&#8243;]<\/p>\n<h3>Pudr\u0103 de proteine din plante cu vanilie d\u014dTERRA\u2122\u200b \u2013 Beneficii<\/h3>\n<p>Corpul nostru este construit \u0219i \u00eentre\u021binut din proteine. De la mu\u0219chi \u0219i oase p\u00e2n\u0103 la enzime \u0219i hormoni, proteinele sunt \u201ec\u0103r\u0103mizile\u201d vie\u021bii. Iar c\u00e2nd sursele de proteine sunt de calitate, diversificate \u0219i bine tolerate, ne ofer\u0103 nu doar mas\u0103 muscular\u0103, ci \u0219i echilibru metabolic \u0219i sus\u021binere imun\u0103.<\/p>\n<p>Studiile recente arat\u0103 c\u0103 un aport proteic adecvat:<\/p>\n<ul>\n<li>Sus\u021bine masa muscular\u0103 \u00een special \u00een cazul femeilor \u00een perimenopauz\u0103\/menopauz\u0103<\/li>\n<li>Poate contribui la men\u021binerea func\u021biilor cognitive odat\u0103 cu v\u00e2rsta<\/li>\n<li>Este esen\u021bial pentru refacerea dup\u0103 efort, men\u021binerea densit\u0103\u021bii osoase \u0219i gestionarea sa\u021biet\u0103\u021bii\u200b<\/li>\n<\/ul>\n<p>Pudra d\u014dTERRA este formulat\u0103 tocmai pentru aceste nevoi \u2013 \u00eentr-un mod accesibil \u0219i curat.<\/p>\n<ul>\n<li>Dezvoltat\u0103 exclusiv pentru Europa \u0219i fabricat\u0103 \u00een Europa<\/li>\n<li>\u00cendulcit\u0103 natural cu \u0219tevie \u0219i formulat\u0103 \u0219tiin\u021bific pentru a contribui la suplimentarea aportului de proteine<\/li>\n<li>O por\u021bie = 24 de grame de amestec superior de proteine din plante doTERRA<\/li>\n<li>Proteinele din maz\u0103re asigur\u0103 un nivel ridicat de proteine, al\u0103turi de trei dintre cele mai bune surse de proteine din plante: cartofi, n\u0103ut \u0219i orez.<\/li>\n<li>Completarea cu fibre de acacia \u0219i ulei MCT \u00eembun\u0103t\u0103\u021be\u0219te gustul, textura \u0219i senza\u021bia general\u0103 \u00een gur\u0103 a pudrei de proteine<\/li>\n<li>O pung\u0103 de 512 grame con\u021bine 16 por\u021bii; pungile con\u021bin cu 60% mai pu\u021bin plastic dec\u00e2t caserolele, contribuind la reducerea de\u0219eurilor<\/li>\n<li>F\u0103r\u0103 OMG, gluten, lactate \u0219i soia<\/li>\n<\/ul>\n<p>[\/et_pb_text][\/et_pb_column][\/et_pb_row][\/et_pb_section][et_pb_section fb_built=&#8221;1&#8243; admin_label=&#8221;Sectiune #f8f2ea bg &#8211; Instruc\u021biuni de utilizare&#8221; _builder_version=&#8221;4.16&#8243; _module_preset=&#8221;default&#8221; background_color=&#8221;#f8f2ea&#8221; global_colors_info=&#8221;{}&#8221;][et_pb_row _builder_version=&#8221;4.16&#8243; _module_preset=&#8221;default&#8221; global_colors_info=&#8221;{}&#8221;][et_pb_column type=&#8221;4_4&#8243; _builder_version=&#8221;4.16&#8243; _module_preset=&#8221;default&#8221; global_colors_info=&#8221;{}&#8221;][et_pb_text _builder_version=&#8221;4.27.4&#8243; _module_preset=&#8221;default&#8221; hover_enabled=&#8221;0&#8243; global_colors_info=&#8221;{}&#8221; sticky_enabled=&#8221;0&#8243;]<\/p>\n<h3>Pudr\u0103 de proteine din plante cu vanilie d\u014dTERRA\u2122 \u2013 Instruc\u021biuni de utilizare<\/h3>\n<p>Amestec\u0103 sau omogenizeaz\u0103 32 g (aprox. 4 linguri cu v\u00e2rf) de pudr\u0103 cu 250 mililitri de ap\u0103 sau un lapte la alegere, p\u00e2n\u0103 ob\u021bii un amestec fin \u0219i cremos. Adaug\u0103 fructe \u0219i legume pentru poten\u021barea gustului \u0219i a propriet\u0103\u021bilor nutritive. Pentru o arom\u0103 unic\u0103, adaug\u0103 o pic\u0103tur\u0103 din uleiul t\u0103u esen\u021bial preferat pentru aromatizarea m\u00e2nc\u0103rurilor de la doTERRA.<\/p>\n<ul>\n<li>Amestec\u0103 Pudra de proteine doTERRA cu ap\u0103 sau un lapte la alegere<\/li>\n<li>Folose\u0219te produsul pentru a-\u021bi cre\u0219te aportul de proteine \u0219i a-\u021bi atinge obiectivele<\/li>\n<li>Pentru a ob\u021bine o gustare energizant\u0103 \u0219i s\u0103\u021bioas\u0103, adaug\u0103 fructe, legume sau nuci<\/li>\n<li>Folose\u0219te-\u021bi creativitatea \u0219i adaug\u0103 o pic\u0103tur\u0103 din uleiul t\u0103u esen\u021bial preferat de la doTERRA<\/li>\n<\/ul>\n<p>&nbsp;<\/p>\n<p>[\/et_pb_text][\/et_pb_column][\/et_pb_row][\/et_pb_section][et_pb_section fb_built=&#8221;1&#8243; admin_label=&#8221;Sectiune white bg &#8211; Ingrediente&#8221; _builder_version=&#8221;4.16&#8243; _module_preset=&#8221;default&#8221; background_enable_color=&#8221;off&#8221; global_colors_info=&#8221;{}&#8221;][et_pb_row _builder_version=&#8221;4.16&#8243; _module_preset=&#8221;default&#8221; global_colors_info=&#8221;{}&#8221;][et_pb_column type=&#8221;4_4&#8243; _builder_version=&#8221;4.16&#8243; _module_preset=&#8221;default&#8221; global_colors_info=&#8221;{}&#8221;][et_pb_text _builder_version=&#8221;4.27.4&#8243; _module_preset=&#8221;default&#8221; hover_enabled=&#8221;0&#8243; global_colors_info=&#8221;{}&#8221; sticky_enabled=&#8221;0&#8243;]<\/p>\n<h3>Pudr\u0103 de proteine din plante cu vanilie d\u014dTERRA\u2122 \u2013 Ingrediente<\/h3>\n<p>Izolat proteic din maz\u0103re (Pisum sativum), pudr\u0103 de cacao, gum\u0103 arabic\u0103, pudr\u0103 de trigliceride cu lan\u021b mediu, concentrat de proteine din n\u0103ut (Cicer arietinum), extract de cacao, izolat proteic din cartofi (Solanum tuberosum), concentrat de proteine din orez (Oryza sativa), clorur\u0103 de sodiu, glicozide din \u0219teviol (Reb-M), arom\u0103 natural\u0103 de cacao, arom\u0103 natural\u0103 de ciocolat\u0103, arom\u0103 natural\u0103 de vani<\/p>\n<p>[\/et_pb_text][\/et_pb_column][\/et_pb_row][\/et_pb_section][et_pb_section fb_built=&#8221;1&#8243; admin_label=&#8221;Sectiune #f8f2ea bg &#8211; M\u0103suri de precau\u021bie&#8221; _builder_version=&#8221;4.16&#8243; _module_preset=&#8221;default&#8221; background_color=&#8221;#f8f2ea&#8221; global_colors_info=&#8221;{}&#8221;][et_pb_row _builder_version=&#8221;4.16&#8243; _module_preset=&#8221;default&#8221; global_colors_info=&#8221;{}&#8221;][et_pb_column type=&#8221;4_4&#8243; _builder_version=&#8221;4.16&#8243; _module_preset=&#8221;default&#8221; global_colors_info=&#8221;{}&#8221;][et_pb_text _builder_version=&#8221;4.27.4&#8243; _module_preset=&#8221;default&#8221; hover_enabled=&#8221;0&#8243; global_colors_info=&#8221;{}&#8221; sticky_enabled=&#8221;0&#8243;]<\/p>\n<h3>Pudr\u0103 de proteine din plante cu vanilie d\u014dTERRA\u2122 \u2013 M\u0103suri de precau\u021bie<\/h3>\n<p>A nu se l\u0103sa la \u00eendem\u00e2na copiilor. Femeile gravide sau care al\u0103pteaz\u0103 \u0219i persoanele care sufer\u0103 de afec\u021biuni medicale cunoscute trebuie s\u0103 consulte un medic \u00eenainte de utilizare. P\u0103strare: A se p\u0103stra la loc uscat \u0219i r\u0103coros.<\/p>\n<p><strong>Por\u021bia de servire:<\/strong> 32g pe zi<br \/><strong>Furnizor:<\/strong> import USA, doTerra LLC 389 South West Pleasant Grove UT 84062.<\/p>\n<p>Toate produsele doTerra sunt Certificate \u00een USA cu Certificat cu grad terapeutic pur.<\/p>\n<p>[\/et_pb_text][\/et_pb_column][\/et_pb_row][\/et_pb_section][et_pb_section fb_built=&#8221;1&#8243; admin_label=&#8221;Sectiune white bg &#8211; FAQ&#8221; _builder_version=&#8221;4.27.4&#8243; _module_preset=&#8221;default&#8221; background_enable_color=&#8221;off&#8221; global_colors_info=&#8221;{}&#8221;][et_pb_row _builder_version=&#8221;4.16&#8243; _module_preset=&#8221;default&#8221; global_colors_info=&#8221;{}&#8221;][et_pb_column type=&#8221;4_4&#8243; _builder_version=&#8221;4.16&#8243; _module_preset=&#8221;default&#8221; global_colors_info=&#8221;{}&#8221;][et_pb_text _builder_version=&#8221;4.27.4&#8243; _module_preset=&#8221;default&#8221; hover_enabled=&#8221;0&#8243; global_colors_info=&#8221;{}&#8221; sticky_enabled=&#8221;0&#8243;]<\/p>\n<h3>\u00centreb\u0103ri frecvente despre Pudr\u0103 de proteine din plante cu vanilie d\u014dTERRA\u2122<\/h3>\n<h4>1. Con\u021bine to\u021bi aminoacizii esen\u021biali?<\/h4>\n<p>Da, formula este complet\u0103 din punct de vedere proteic, con\u021bin\u00e2nd to\u021bi cei 9 aminoacizi esen\u021biali \u0219i cei 3 BCAA.<\/p>\n<h4>2. Este potrivit\u0103 pentru dietele vegane?<\/h4>\n<p>Absolut. Nu con\u021bine ingrediente de origine animal\u0103, fiind certificat\u0103 vegan-friendly \u0219i f\u0103r\u0103 alergeni comuni.<\/p>\n<h4>3. Pot s\u0103 o folosesc zilnic?<\/h4>\n<p>Da. Poate fi consumat\u0103 zilnic, fie ca supliment dup\u0103 antrenament, fie ca parte dintr-un mic dejun proteic. Este bine tolerat\u0103 \u0219i u\u0219or de digerat.<\/p>\n<h4>4. Ce gust are?<\/h4>\n<p>Are un gust delicat de vanilie, natural, f\u0103r\u0103 arome sintetice sau \u00eendulcitori artificiali. Este \u00eendulcit\u0103 cu \u0219tevie.<\/p>\n<h4>5. Se poate consuma \u00een sarcin\u0103 sau al\u0103ptare?<\/h4>\n<p>\u00cen general, da \u2013 \u00eens\u0103 este recomandat ca orice supliment s\u0103 fie discutat \u00een prealabil cu un medic sau nutri\u021bionist \u00een cazul femeilor \u00eens\u0103rcinate sau care al\u0103pteaz\u0103.<\/p>\n<p>[\/et_pb_text][\/et_pb_column][\/et_pb_row][\/et_pb_section][et_pb_section fb_built=&#8221;1&#8243; admin_label=&#8221;Disclaimer&#8221; _builder_version=&#8221;4.9.10&#8243; _module_preset=&#8221;default&#8221; custom_margin=&#8221;0px||0px||false|false&#8221; custom_padding=&#8221;30px||30px||true|false&#8221; global_module=&#8221;49931&#8243; saved_tabs=&#8221;all&#8221; global_colors_info=&#8221;{}&#8221;][et_pb_row _builder_version=&#8221;4.16&#8243; _module_preset=&#8221;default&#8221; global_colors_info=&#8221;{}&#8221;][et_pb_column type=&#8221;4_4&#8243; _builder_version=&#8221;4.16&#8243; _module_preset=&#8221;default&#8221; global_colors_info=&#8221;{}&#8221;][et_pb_divider _builder_version=&#8221;4.16&#8243; _module_preset=&#8221;default&#8221; width=&#8221;100px&#8221; max_width=&#8221;100px&#8221; custom_margin=&#8221;0px||0px||false|false&#8221; custom_padding=&#8221;0px||0px||false|false&#8221; global_colors_info=&#8221;{}&#8221;][\/et_pb_divider][et_pb_text _builder_version=&#8221;4.16&#8243; _module_preset=&#8221;default&#8221; global_colors_info=&#8221;{}&#8221;]<\/p>\n<p><img loading=\"lazy\" decoding=\"async\" src=\"https:\/\/www.dianagubas.com\/new\/wp-content\/uploads\/2021\/08\/alert-circle@1x.png\" width=\"24\" height=\"24\" alt=\"\" class=\"wp-image-49942 alignleft size-full\" srcset=\"https:\/\/www.dianagubas.com\/new\/wp-content\/uploads\/2021\/08\/alert-circle@1x.png 24w, https:\/\/www.dianagubas.com\/new\/wp-content\/uploads\/2021\/08\/alert-circle@1x-12x12.png 12w\" sizes=\"(max-width: 24px) 100vw, 24px\" \/>Acest produs nu are rolul de a diagnostica, trata, vindeca sau preveni orice boal\u0103. Consult\u0103 medicul \u00eenainte de utilizare. Dac\u0103 ai alergie la oricare component din compozi\u021bie, nu folosi acest produs.<\/p>\n<p>[\/et_pb_text][\/et_pb_column][\/et_pb_row][\/et_pb_section][et_pb_section fb_built=&#8221;1&#8243; admin_label=&#8221;CTA&#8221; _builder_version=&#8221;4.14.5&#8243; _module_preset=&#8221;default&#8221; background_enable_color=&#8221;off&#8221; width=&#8221;100%&#8221; max_width=&#8221;100%&#8221; custom_margin=&#8221;||50px||false|false&#8221; global_module=&#8221;49932&#8243; saved_tabs=&#8221;all&#8221; global_colors_info=&#8221;{}&#8221;][et_pb_row module_id=&#8221;cta-row&#8221; _builder_version=&#8221;4.16&#8243; _module_preset=&#8221;default&#8221; width=&#8221;96%&#8221; border_radii=&#8221;on|30px|30px|30px|30px&#8221; global_colors_info=&#8221;{}&#8221;][et_pb_column type=&#8221;4_4&#8243; _builder_version=&#8221;4.16&#8243; _module_preset=&#8221;default&#8221; global_colors_info=&#8221;{}&#8221;][et_pb_code module_id=&#8221;cta-section&#8221; _builder_version=&#8221;4.17.4&#8243; _module_preset=&#8221;default&#8221; global_colors_info=&#8221;{}&#8221;]<\/p>\n<style>\/* Animated Call To Action *\/<!-- [et_pb_line_break_holder] --> <!-- [et_pb_line_break_holder] -->\/*** style CTA section and row when waypoint is not triggered ***\/<!-- [et_pb_line_break_holder] -->#cta-section {<!-- [et_pb_line_break_holder] -->    padding: 0 80px;<!-- [et_pb_line_break_holder] -->    transition: all .8s ease;<!-- [et_pb_line_break_holder] -->    -moz-transition: all .8s ease;<!-- [et_pb_line_break_holder] -->    -webkit-transition: all .8s ease;<!-- [et_pb_line_break_holder] -->}<!-- [et_pb_line_break_holder] -->#cta-row {<!-- [et_pb_line_break_holder] -->    margin: 80px auto 0 auto;<!-- [et_pb_line_break_holder] -->    padding: 80px 0;<!-- [et_pb_line_break_holder] -->    max-width: 100%;<!-- [et_pb_line_break_holder] -->    background-color: #cda575;<!-- [et_pb_line_break_holder] -->    -moz-border-radius: 20px;<!-- [et_pb_line_break_holder] -->    -webkit-border-radius: 20px;<!-- [et_pb_line_break_holder] -->    border-radius: 20px;<!-- [et_pb_line_break_holder] -->    box-shadow: 0px 10px 50px #939fa9;<!-- [et_pb_line_break_holder] -->    transition: all .8s ease;<!-- [et_pb_line_break_holder] -->    -moz-transition: all .8s ease;<!-- [et_pb_line_break_holder] -->    -webkit-transition: all .8s ease;<!-- [et_pb_line_break_holder] --> <!-- [et_pb_line_break_holder] -->}<!-- [et_pb_line_break_holder] -->\/*** Style CTA section and row once waypoint toggles animate-cta class ***\/<!-- [et_pb_line_break_holder] -->#cta-section.animate-cta {<!-- [et_pb_line_break_holder] -->    padding: 46px 0 66px 0;<!-- [et_pb_line_break_holder] -->    overflow: hidden;<!-- [et_pb_line_break_holder] -->}<!-- [et_pb_line_break_holder] -->.animate-cta #cta-row {<!-- [et_pb_line_break_holder] -->    margin: 0 auto 0 auto;<!-- [et_pb_line_break_holder] -->    -webkit-transform: scale(1.1);<!-- [et_pb_line_break_holder] -->    transform: scale(1.1);<!-- [et_pb_line_break_holder] -->    background-color: #cda575;<!-- [et_pb_line_break_holder] -->    width: inherit;<!-- [et_pb_line_break_holder] -->}<!-- [et_pb_line_break_holder] -->\/*** style button ***\/<!-- [et_pb_line_break_holder] --> <!-- [et_pb_line_break_holder] -->#sign {<!-- [et_pb_line_break_holder] -->    display: inline-block;<!-- [et_pb_line_break_holder] -->    color: #fff;<!-- [et_pb_line_break_holder] -->    text-transform: uppercase;<!-- [et_pb_line_break_holder] -->    font-size: 16px;<!-- [et_pb_line_break_holder] -->    font-weight: 600;<!-- [et_pb_line_break_holder] -->    background-color: #000000;<!-- [et_pb_line_break_holder] -->    padding: 20px 40px;<!-- [et_pb_line_break_holder] -->    margin-top: 30px;<!-- [et_pb_line_break_holder] -->    border-radius: 60px;<!-- [et_pb_line_break_holder] -->    -webkit-border-radius: 60px;<!-- [et_pb_line_break_holder] -->    -moz-border-radius: 60px;<!-- [et_pb_line_break_holder] -->    transition: all .8s ease;<!-- [et_pb_line_break_holder] -->    -webkit-transition: all .8s ease;<!-- [et_pb_line_break_holder] -->    -webkit-transition: all .8s ease;<!-- [et_pb_line_break_holder] -->    box-shadow: 0px 5px 20px #220901;<!-- [et_pb_line_break_holder] -->    -moz-box-shadow: 0px 5px 20px #220901;<!-- [et_pb_line_break_holder] -->    -webkit-box-shadow: 0px 10px 50px #220901;<!-- [et_pb_line_break_holder] -->}<!-- [et_pb_line_break_holder] -->#sign:hover {<!-- [et_pb_line_break_holder] -->    background-color: #621708;<!-- [et_pb_line_break_holder] -->    box-shadow: 0px 20px 80px #220901;<!-- [et_pb_line_break_holder] -->    -moz-box-shadow: 0px 20px 80px #220901;<!-- [et_pb_line_break_holder] -->    -webkit-box-shadow: 0px 20px 80px #220901;<!-- [et_pb_line_break_holder] -->    color: #fff;<!-- [et_pb_line_break_holder] -->}<!-- [et_pb_line_break_holder] --> <!-- [et_pb_line_break_holder] -->\/*** style content within the code module ***\/<!-- [et_pb_line_break_holder] --> <!-- [et_pb_line_break_holder] -->.cta-info{<!-- [et_pb_line_break_holder] -->    color: #fff;<!-- [et_pb_line_break_holder] -->    text-align: center;<!-- [et_pb_line_break_holder] -->    margin: 0 auto !important;<!-- [et_pb_line_break_holder] -->    max-width: 96%;<!-- [et_pb_line_break_holder] -->    padding: 50px 10px;<!-- [et_pb_line_break_holder] -->}<!-- [et_pb_line_break_holder] -->.cta-info h3 {color: #fff;}<!-- [et_pb_line_break_holder] -->.cta-list {text-align: left;}<!-- [et_pb_line_break_holder] -->ul.cta-list li:before {<!-- [et_pb_line_break_holder] -->  font-family: 'ETmodules'!important;<!-- [et_pb_line_break_holder] -->    speak: none;<!-- [et_pb_line_break_holder] -->    font-style: normal;<!-- [et_pb_line_break_holder] -->    font-weight: 400;<!-- [et_pb_line_break_holder] -->    -webkit-font-feature-settings: normal;<!-- [et_pb_line_break_holder] -->    font-feature-settings: normal;<!-- [et_pb_line_break_holder] -->    font-variant: normal;<!-- [et_pb_line_break_holder] -->    text-transform: none;<!-- [et_pb_line_break_holder] -->    line-height: 1;<!-- [et_pb_line_break_holder] -->    -webkit-font-smoothing: antialiased;<!-- [et_pb_line_break_holder] -->    -moz-osx-font-smoothing: grayscale;<!-- [et_pb_line_break_holder] -->    text-shadow: 0px 0px;<!-- [et_pb_line_break_holder] -->    direction: ltr;<!-- [et_pb_line_break_holder] -->    font-size: 22px;<!-- [et_pb_line_break_holder] -->    content: \"\\4e\";<!-- [et_pb_line_break_holder] -->    position: absolute;<!-- [et_pb_line_break_holder] -->    margin-left: -29px;<!-- [et_pb_line_break_holder] -->    margin-top: 7px;<!-- [et_pb_line_break_holder] -->}<!-- [et_pb_line_break_holder] --><\/style>\n<p><!-- [et_pb_line_break_holder] --><\/p>\n<div class=\"cta-info\"><!-- [et_pb_line_break_holder] --> <!-- [et_pb_line_break_holder] --><\/p>\n<h3>Vrei s\u0103 achizi\u021bionezi uleiurile esen\u021biale sau produsele doTERRA? <\/h3>\n<p><!-- [et_pb_line_break_holder] --> <!-- [et_pb_line_break_holder] --><pee style=\"text-align: left;\">Cea mai avantajoas\u0103 metod\u0103 de a intra \u00een posesia uleiurilor esen\u0163iale \u015fi a produselor de la doTERRA este prin crearea unui cont de membru (client) doTERRA. <!\u2013- [et_pb_br_holder] -\u2013>Cre\u00e2ndu-\u021bi un cont de membru (client) doTERRA ai o mul\u021bime de avantaje:<\/pee><img loading=\"lazy\" decoding=\"async\" class=\"alignright size-full wp-image-51781\" src=\"https:\/\/www.dianagubas.com\/new\/wp-content\/uploads\/2022\/01\/cadou_cont_nou.png\" alt=\"Avantaj client NOU: iti oferim GRATIS fractionate coconut oil si capsule vegetale\" width=\"353\" height=\"389\" srcset=\"https:\/\/www.dianagubas.com\/new\/wp-content\/uploads\/2022\/01\/cadou_cont_nou.png 353w, https:\/\/www.dianagubas.com\/new\/wp-content\/uploads\/2022\/01\/cadou_cont_nou-11x12.png 11w, https:\/\/www.dianagubas.com\/new\/wp-content\/uploads\/2022\/01\/cadou_cont_nou-300x331.png 300w\" sizes=\"(max-width: 353px) 100vw, 353px\" \/><!-- [et_pb_line_break_holder] --><\/p>\n<ul class=\"cta-list\"><!-- [et_pb_line_break_holder] -->  <\/p>\n<li>Reducere 25% \u00eenc\u0103 de la prima cump\u0103ratur\u0103.<\/li>\n<p><!-- [et_pb_line_break_holder] -->  <\/p>\n<li>Programul de loialitate LRP cu acumulare de puncte<\/li>\n<p><!-- [et_pb_line_break_holder] -->  <\/p>\n<li>Promo\u021bii lunare (produsul lunii gratis).<\/li>\n<p><!-- [et_pb_line_break_holder] -->  <\/p>\n<li>Avantaj client NOU: iti oferim GRATIS ulei de cocos fractionat si capsule vegetale<\/li>\n<p><!-- [et_pb_line_break_holder] -->  <\/p>\n<li>Asisten\u021b\u0103 personal\u0103 \u00een utilizarea uleiurilor esen\u021biale doTERRA.<\/li>\n<p><!-- [et_pb_line_break_holder] --><\/ul>\n<p><!-- [et_pb_line_break_holder] --><pee style=\"text-align:center; display:none;\"><!-- [et_pb_line_break_holder] --> <a href=\"\/creare-cont-doterra\/\" style=\"color: #fff; text-decoration: underline;\">Afl\u0103 mai multe despre ce \u00eenseamn\u0103 s\u0103 fii membru doTERRA.<\/a><!-- [et_pb_line_break_holder] --><\/pee><!-- [et_pb_line_break_holder] -->  <pee style=\"text-align:center;\"><a href=\"\/creare-cont-doterra\/\" id=\"sign\">De ce sa imi fac cont doTERRA?<\/a><\/pee><!-- [et_pb_line_break_holder] --><\/div>\n<p>[\/et_pb_code][\/et_pb_column][\/et_pb_row][\/et_pb_section]<\/p>\n","protected":false},"excerpt":{"rendered":"<p>Pudra de proteine doTERRA asigur\u0103 un aport de substan\u021be nutritive esen\u021biale \u0219i energie, printr-un amestec superior de proteine din plante \u0219i gr\u0103simi. Fiecare por\u021bie asigur\u0103 un aport de 24 g de proteine din patru surse: maz\u0103re, n\u0103ut, orez \u0219i cartofi. Dezvoltat\u0103 cu nou\u0103 aminoacizi esen\u021biali (EAA) \u0219i trei aminoacizi cu lan\u021b ramificat (BCAA), aceast\u0103 formul\u0103 [&hellip;]<\/p>\n","protected":false},"featured_media":52689,"template":"","meta":{"_acf_changed":false,"_et_pb_use_builder":"on","_et_pb_old_content":"","_et_gb_content_width":"","inline_featured_image":false},"product_brand":[],"product_cat":[75],"product_tag":[],"class_list":{"0":"post-52687","1":"product","2":"type-product","3":"status-publish","4":"has-post-thumbnail","6":"product_cat-sanatatea-ta-cu-suplimente-nutritive","8":"first","9":"instock","10":"sale","11":"shipping-taxable","12":"purchasable","13":"product-type-simple"},"acf":[],"_links":{"self":[{"href":"https:\/\/www.dianagubas.com\/en\/wp-json\/wp\/v2\/product\/52687","targetHints":{"allow":["GET"]}}],"collection":[{"href":"https:\/\/www.dianagubas.com\/en\/wp-json\/wp\/v2\/product"}],"about":[{"href":"https:\/\/www.dianagubas.com\/en\/wp-json\/wp\/v2\/types\/product"}],"wp:featuredmedia":[{"embeddable":true,"href":"https:\/\/www.dianagubas.com\/en\/wp-json\/wp\/v2\/media\/52689"}],"wp:attachment":[{"href":"https:\/\/www.dianagubas.com\/en\/wp-json\/wp\/v2\/media?parent=52687"}],"wp:term":[{"taxonomy":"product_brand","embeddable":true,"href":"https:\/\/www.dianagubas.com\/en\/wp-json\/wp\/v2\/product_brand?post=52687"},{"taxonomy":"product_cat","embeddable":true,"href":"https:\/\/www.dianagubas.com\/en\/wp-json\/wp\/v2\/product_cat?post=52687"},{"taxonomy":"product_tag","embeddable":true,"href":"https:\/\/www.dianagubas.com\/en\/wp-json\/wp\/v2\/product_tag?post=52687"}],"curies":[{"name":"wp","href":"https:\/\/api.w.org\/{rel}","templated":true}]}}