{"id":52706,"date":"2025-03-30T12:22:20","date_gmt":"2025-03-30T10:22:20","guid":{"rendered":"https:\/\/www.dianagubas.com\/?post_type=product&#038;p=52706"},"modified":"2025-03-30T12:41:57","modified_gmt":"2025-03-30T10:41:57","slug":"crema-hidratanta-de-protectie-solara-cu-filtru-mineral-de-uz-zilnic-pentru-fata-doterra-sun","status":"publish","type":"product","link":"https:\/\/www.dianagubas.com\/en\/aromaterapie\/crema-hidratanta-de-protectie-solara-cu-filtru-mineral-de-uz-zilnic-pentru-fata-doterra-sun\/","title":{"rendered":"Crem\u0103 hidratant\u0103 de protec\u021bie solar\u0103 cu filtru mineral de uz zilnic pentru fa\u021b\u0103 d\u014dTERRA\u2122 sun"},"content":{"rendered":"<p>[et_pb_section fb_built=&#8221;1&#8243; _builder_version=&#8221;4.16&#8243; _module_preset=&#8221;default&#8221; global_colors_info=&#8221;{}&#8221;][et_pb_row _builder_version=&#8221;4.16&#8243; _module_preset=&#8221;default&#8221; global_colors_info=&#8221;{}&#8221;][et_pb_column type=&#8221;4_4&#8243; _builder_version=&#8221;4.16&#8243; _module_preset=&#8221;default&#8221; global_colors_info=&#8221;{}&#8221;][et_pb_wc_title _builder_version=&#8221;4.16&#8243; _module_preset=&#8221;default&#8221; header_text_align=&#8221;center&#8221; global_colors_info=&#8221;{}&#8221;][\/et_pb_wc_title][\/et_pb_column][\/et_pb_row][\/et_pb_section][et_pb_section fb_built=&#8221;1&#8243; _builder_version=&#8221;4.16&#8243; _module_preset=&#8221;default&#8221; global_colors_info=&#8221;{}&#8221;][et_pb_row column_structure=&#8221;2_5,3_5&#8243; _builder_version=&#8221;4.16&#8243; _module_preset=&#8221;default&#8221; global_colors_info=&#8221;{}&#8221;][et_pb_column type=&#8221;2_5&#8243; _builder_version=&#8221;4.16&#8243; _module_preset=&#8221;default&#8221; global_colors_info=&#8221;{}&#8221;][et_pb_wc_images show_sale_badge=&#8221;off&#8221; _builder_version=&#8221;4.16&#8243; _module_preset=&#8221;default&#8221; global_colors_info=&#8221;{}&#8221;][\/et_pb_wc_images][\/et_pb_column][et_pb_column type=&#8221;3_5&#8243; _builder_version=&#8221;4.16&#8243; _module_preset=&#8221;default&#8221; global_colors_info=&#8221;{}&#8221;][et_pb_video src=&#8221;https:\/\/youtu.be\/ANA7blHtG0w?si=9N8UnG4_c5t-EcYr&#8221; _builder_version=&#8221;4.27.4&#8243; _module_preset=&#8221;default&#8221; global_colors_info=&#8221;{}&#8221;][\/et_pb_video][et_pb_text admin_label=&#8221;Descriere&#8221; _builder_version=&#8221;4.27.4&#8243; _module_preset=&#8221;default&#8221; global_colors_info=&#8221;{}&#8221;]<\/p>\n<p>Bucur\u0103-te de protec\u021bie solar\u0103 zilnic\u0103 cu Crema de protec\u021bie solar\u0103 cu filtru mineral de uz zilnic pentru fa\u021b\u0103 doTERRA sun. Aceast\u0103 crem\u0103 hidratant\u0103 testat\u0103 dermatologic ofer\u0103 protec\u021bie solar\u0103 cu FPS 30 cu spectru larg, utiliz\u00e2nd filtre de protec\u021bie minerale ideale pentru pielea sensibil\u0103. Formula u\u0219oar\u0103, cu absorb\u021bie rapid\u0103, protejeaz\u0103 \u00eempotriva radia\u021biilor solare UVA\/UVB \u0219i a luminii albastre, f\u0103r\u0103 s\u0103 ung\u0103 sau s\u0103 lase o pelicul\u0103 alb\u0103. Extractele bogate din plante, printre care euodia \u0219i uleiuri de struguri (s\u0103m\u00e2n\u021b\u0103), bogate \u00een antioxidan\u021bi, hr\u0103nesc pielea \u00een combina\u021bie cu vitamina E \u0219i un amestec de uleiuri esen\u021biale cu efect de re\u00eemprosp\u0103tare. F\u0103r\u0103 efecte nocive asupra barierei de corali \u0219i potrivit\u0103 pentru vegani, Crema hidratant\u0103 de protec\u021bie solar\u0103 cu filtru mineral de uz zilnic pentru fa\u021b\u0103 doTERRA sun utilizeaz\u0103 oxid de zinc f\u0103r\u0103 nanoparticule, care r\u0103m\u00e2ne la suprafa\u021ba pielii \u0219i nu se absoarbe.<\/p>\n<p>[\/et_pb_text][et_pb_divider color=&#8221;#e3e0df&#8221; _builder_version=&#8221;4.16&#8243; _module_preset=&#8221;default&#8221; global_colors_info=&#8221;{}&#8221;][\/et_pb_divider][et_pb_text admin_label=&#8221;Pret fara cont&#8221; module_class=&#8221;regular_price&#8221; _builder_version=&#8221;4.16&#8243; _dynamic_attributes=&#8221;content&#8221; _module_preset=&#8221;default&#8221; global_colors_info=&#8221;{}&#8221;]@ET-DC@eyJkeW5hbWljIjp0cnVlLCJjb250ZW50IjoiY3VzdG9tX21ldGFfX3JlZ3VsYXJfcHJpY2UiLCJzZXR0aW5ncyI6eyJiZWZvcmUiOiJQUkVcdTAyMWEgRlx1MDEwMlJcdTAxMDIgQ09OVCBET1RFUlJBIDogIiwiYWZ0ZXIiOiJcdTIwYWMiLCJlbmFibGVfaHRtbCI6Im9uIn19@[\/et_pb_text][et_pb_text admin_label=&#8221;Pret membru&#8221; module_class=&#8221;member_price&#8221; _builder_version=&#8221;4.16&#8243; _dynamic_attributes=&#8221;content&#8221; _module_preset=&#8221;default&#8221; global_colors_info=&#8221;{}&#8221;]@ET-DC@eyJkeW5hbWljIjp0cnVlLCJjb250ZW50IjoiY3VzdG9tX21ldGFfX3NhbGVfcHJpY2UiLCJzZXR0aW5ncyI6eyJiZWZvcmUiOiJQUkVcdTAyMWEgREUgTUVNQlJVOiIsImFmdGVyIjoiXHUyMGFjIiwiZW5hYmxlX2h0bWwiOiJvbiJ9fQ==@[\/et_pb_text][et_pb_divider color=&#8221;#e3e0df&#8221; _builder_version=&#8221;4.16&#8243; _module_preset=&#8221;default&#8221; global_colors_info=&#8221;{}&#8221;][\/et_pb_divider][et_pb_button button_url=&#8221;@ET-DC@eyJkeW5hbWljIjp0cnVlLCJjb250ZW50IjoiY3VzdG9tX21ldGFfbGlua19jb21hbmRhIiwic2V0dGluZ3MiOnsiYmVmb3JlIjoiIiwiYWZ0ZXIiOiIiLCJlbmFibGVfaHRtbCI6Im9mZiJ9fQ==@&#8221; button_text=&#8221;COMANDA RAPID&#8221; admin_label=&#8221;Buton&#8221; _builder_version=&#8221;4.19.4&#8243; _dynamic_attributes=&#8221;button_url&#8221; _module_preset=&#8221;default&#8221; global_module=&#8221;50890&#8243; saved_tabs=&#8221;all&#8221; global_colors_info=&#8221;{}&#8221;][\/et_pb_button][et_pb_text admin_label=&#8221;Vreau sa devin membru&#8221; _builder_version=&#8221;4.20.0&#8243; _module_preset=&#8221;default&#8221; global_module=&#8221;52172&#8243; saved_tabs=&#8221;all&#8221; global_colors_info=&#8221;{}&#8221;]<\/p>\n<p style=\"padding-bottom: 2em!important;\">Vrei sa beneficiezi de toate avantajele unui cont de membru doTERRA?<\/p>\n<p><a class=\"et_pb_button et_pb_button_0\" style=\"border-color: #cda575; font-size: 18px!important; background-color: #cda575; padding: 15px!important;\" href=\"#membru\">Vreau cont doTerra!<\/a><\/p>\n<p>[\/et_pb_text][\/et_pb_column][\/et_pb_row][\/et_pb_section][et_pb_section fb_built=&#8221;1&#8243; admin_label=&#8221;Sectiune #f8f2ea bg &#8211; Descriere&#8221; _builder_version=&#8221;4.16&#8243; _module_preset=&#8221;default&#8221; background_color=&#8221;#f8f2ea&#8221; global_colors_info=&#8221;{}&#8221;][et_pb_row _builder_version=&#8221;4.16&#8243; _module_preset=&#8221;default&#8221; global_colors_info=&#8221;{}&#8221;][et_pb_column type=&#8221;4_4&#8243; _builder_version=&#8221;4.16&#8243; _module_preset=&#8221;default&#8221; global_colors_info=&#8221;{}&#8221;][et_pb_text _builder_version=&#8221;4.27.4&#8243; _module_preset=&#8221;default&#8221; global_colors_info=&#8221;{}&#8221;]<\/p>\n<h2>Crem\u0103 hidratant\u0103 de protec\u021bie solar\u0103 cu filtru mineral de uz zilnic pentru fa\u021b\u0103 d\u014dTERRA\u2122 sun \u2013 Descriere<\/h2>\n<p>Nu te limita s\u0103-\u021bi protejezi pielea de soare \u2013 hr\u0103ne\u0219te-o cu produsele din gama doTERRA sun. Concepute pentru utilizare zilnic\u0103, produsele doTERRA sun nu doar c\u0103 protejeaz\u0103, ci \u0219i hr\u0103nesc pielea, oferindu-\u021bi o formul\u0103 excelent\u0103 at\u00e2t ca textur\u0103, c\u00e2t \u0219i din punct de vedere func\u021bional. Alege doTERRA sun pentru o piele hidratat\u0103, protejat\u0103 \u0219i care str\u0103luce\u0219te de s\u0103n\u0103tate.<\/p>\n<p>\u00cen era actual\u0103, \u00een care expunerea la soare este inevitabil\u0103, protec\u021bia zilnic\u0103 a pielii devine esen\u021bial\u0103. Crem\u0103 hidratant\u0103 de protec\u021bie solar\u0103 cu filtru mineral de uz zilnic pentru fa\u021b\u0103 d\u014dTERRA\u2122 sun ofer\u0103 o solu\u021bie eficient\u0103, combin\u00e2nd hidratarea cu protec\u021bia \u00eempotriva razelor UV \u0219i a luminii albastre.<\/p>\n<p><strong>Caracteristici principale<\/strong><\/p>\n<ul>\n<li><strong>Protec\u021bie cu spectru larg SPF 30:<\/strong> Utilizeaz\u0103 oxid de zinc non-nano, care formeaz\u0103 o barier\u0103 fizic\u0103 \u00eempotriva razelor UVA \u0219i UVB, protej\u00e2nd pielea f\u0103r\u0103 a fi absorbit. \u200b<\/li>\n<li><strong>Formul\u0103 u\u0219oar\u0103 \u0219i absorb\u021bie rapid\u0103:<\/strong> Textura lejer\u0103 permite o aplicare uniform\u0103, f\u0103r\u0103 a l\u0103sa urme albe sau senza\u021bie gras\u0103, fiind ideal\u0103 pentru utilizarea zilnic\u0103 \u0219i ca baz\u0103 de machiaj. \u200b<\/li>\n<li><strong>Ingrediente naturale \u0219i hr\u0103nitoare:<\/strong> Con\u021bine extracte botanice precum evodia \u0219i ulei de semin\u021be de struguri, bogate \u00een antioxidan\u021bi, al\u0103turi de vitamina E \u0219i un amestec de uleiuri esen\u021biale CPTG\u2122 (T\u0103m\u00e2ie, Helichrysum, Magnolia, Ylang Ylang, Mandarin\u0103 Ro\u0219ie), care hr\u0103nesc \u0219i revitalizeaz\u0103 pielea. \u200b<\/li>\n<li><strong>Siguran\u021b\u0103 \u0219i sustenabilitate:<\/strong> Formulat\u0103 f\u0103r\u0103 parabeni, ftala\u021bi, oxibenzon\u0103 sau parfumuri sintetice, crema este prietenoas\u0103 cu mediul, sigur\u0103 pentru recifele de corali \u0219i potrivit\u0103 pentru vegani.<\/li>\n<\/ul>\n<p>[\/et_pb_text][\/et_pb_column][\/et_pb_row][\/et_pb_section][et_pb_section fb_built=&#8221;1&#8243; admin_label=&#8221;Sectiune white bg &#8211; Beneficii \u0219i Mod de utilizare&#8221; _builder_version=&#8221;4.16&#8243; _module_preset=&#8221;default&#8221; background_enable_color=&#8221;off&#8221; global_colors_info=&#8221;{}&#8221;][et_pb_row _builder_version=&#8221;4.16&#8243; _module_preset=&#8221;default&#8221; global_colors_info=&#8221;{}&#8221;][et_pb_column type=&#8221;4_4&#8243; _builder_version=&#8221;4.16&#8243; _module_preset=&#8221;default&#8221; global_colors_info=&#8221;{}&#8221;][et_pb_text _builder_version=&#8221;4.27.4&#8243; _module_preset=&#8221;default&#8221; global_colors_info=&#8221;{}&#8221;]<\/p>\n<h3>Crem\u0103 hidratant\u0103 de protec\u021bie solar\u0103 cu filtru mineral de uz zilnic pentru fa\u021b\u0103 d\u014dTERRA\u2122 sun \u2013 Beneficii<\/h3>\n<ul>\n<li>Hidratare \u0219i protec\u021bie \u00eentr-un singur pas: Simplific\u0103 rutina de \u00eengrijire, oferind at\u00e2t hidratarea necesar\u0103, c\u00e2t \u0219i protec\u021bia solar\u0103 esen\u021bial\u0103.\u200b<\/li>\n<li>Potrivit\u0103 pentru pielea sensibil\u0103: Testat\u0103 dermatologic, formula este conceput\u0103 pentru a fi bl\u00e2nd\u0103, reduc\u00e2nd riscul de irita\u021bii.\u200b<\/li>\n<li>Protec\u021bie \u00eempotriva luminii albastre: Pe l\u00e2ng\u0103 filtrarea razelor UV, crema protejeaz\u0103 \u0219i \u00eempotriva efectelor nocive ale luminii albastre emise de dispozitivele electronice.<\/li>\n<li>Hidrateaz\u0103 utiliz\u00e2nd o formul\u0103 testat\u0103 dermatologic care poate fi folosit\u0103 \u00een siguran\u021b\u0103 pe pielea sensibil\u0103 \u0219i ofer\u0103 protec\u021bie solar\u0103 cu FPS 30<\/li>\n<li>Hr\u0103ne\u0219te pielea cu vitamina E \u0219i un amestec din plante bogate \u00een antioxidan\u021bi, incluz\u00e2nd euodia, ulei de struguri (s\u0103m\u00e2n\u021b\u0103) \u0219i uleiuri esen\u021biale CPTG\u2122<\/li>\n<li>Protejeaz\u0103 \u00eempotriva expunerii la soare \u0219i la lumin\u0103 albastr\u0103, cu o formul\u0103 f\u0103r\u0103 efecte nocive asupra barierei de corali, potrivit\u0103 pentru vegani, necomedogen\u0103 \u0219i testat\u0103 dermatologic<\/li>\n<li>F\u0103r\u0103 ftala\u021bi, oxibenzon\u0103 \u0219i parfumuri sintetice<\/li>\n<li>Potrivit\u0103 pentru vegani \u0219i f\u0103r\u0103 efecte nocive asupra barierei de corali<\/li>\n<\/ul>\n<p>[\/et_pb_text][\/et_pb_column][\/et_pb_row][\/et_pb_section][et_pb_section fb_built=&#8221;1&#8243; admin_label=&#8221;Sectiune #f8f2ea bg &#8211; Instruc\u021biuni de utilizare&#8221; _builder_version=&#8221;4.16&#8243; _module_preset=&#8221;default&#8221; background_color=&#8221;#f8f2ea&#8221; global_colors_info=&#8221;{}&#8221;][et_pb_row _builder_version=&#8221;4.16&#8243; _module_preset=&#8221;default&#8221; global_colors_info=&#8221;{}&#8221;][et_pb_column type=&#8221;4_4&#8243; _builder_version=&#8221;4.16&#8243; _module_preset=&#8221;default&#8221; global_colors_info=&#8221;{}&#8221;][et_pb_text _builder_version=&#8221;4.27.4&#8243; _module_preset=&#8221;default&#8221; global_colors_info=&#8221;{}&#8221;]<\/p>\n<h3>Crem\u0103 hidratant\u0103 de protec\u021bie solar\u0103 cu filtru mineral de uz zilnic pentru fa\u021b\u0103 d\u014dTERRA\u2122 sun \u2013 Instruc\u021biuni de utilizare<\/h3>\n<p>Aplic\u0103 generos cu 15 minute \u00eenainte de expunerea la soare. Aplic\u0103 pe toat\u0103 suprafa\u021ba pielii expuse la soare. Folose\u0219te un produs de protec\u021bie solar\u0103 rezistent la ap\u0103 dac\u0103 urmeaz\u0103 s\u0103 \u00eeno\u021bi sau s\u0103 transpiri. Repet\u0103 aplicarea cel pu\u021bin o dat\u0103 la 2 ore. M\u0103suri de protec\u021bie solar\u0103. Expunerea la soare cre\u0219te riscul de cancer de piele \u0219i \u00eemb\u0103tr\u00e2nire prematur\u0103 a pielii. Pentru a reduce acest risc, folose\u0219te regulat produse de protec\u021bie solar\u0103 cu FPS 15 sau mai mare cu spectru larg \u0219i ia alte m\u0103suri de protec\u021bie solar\u0103, printre care: limitarea timpului de expunere la soare, \u00een special \u00eentre orele 10:00 \u0219i 14:00. Poart\u0103 c\u0103m\u0103\u0219i cu m\u00e2nec\u0103 lung\u0103, pantaloni lungi, p\u0103l\u0103rii \u0219i ochelari de soare.<\/p>\n<p>[\/et_pb_text][\/et_pb_column][\/et_pb_row][\/et_pb_section][et_pb_section fb_built=&#8221;1&#8243; admin_label=&#8221;Sectiune white bg &#8211; Ingrediente&#8221; _builder_version=&#8221;4.16&#8243; _module_preset=&#8221;default&#8221; background_enable_color=&#8221;off&#8221; global_colors_info=&#8221;{}&#8221;][et_pb_row _builder_version=&#8221;4.16&#8243; _module_preset=&#8221;default&#8221; global_colors_info=&#8221;{}&#8221;][et_pb_column type=&#8221;4_4&#8243; _builder_version=&#8221;4.16&#8243; _module_preset=&#8221;default&#8221; global_colors_info=&#8221;{}&#8221;][et_pb_text _builder_version=&#8221;4.27.4&#8243; _module_preset=&#8221;default&#8221; global_colors_info=&#8221;{}&#8221;]<\/p>\n<h3>Crem\u0103 hidratant\u0103 de protec\u021bie solar\u0103 cu filtru mineral de uz zilnic pentru fa\u021b\u0103 d\u014dTERRA\u2122 sun \u2013 Ingrediente principale<\/h3>\n<p><strong>Ulei esen\u021bial de Mandarin\u0103 Ro\u0219ie<\/strong><\/p>\n<p>Cunoscut\u0103 \u0219i ca Portocala Templului sau Tangor, Mandarina Ro\u0219ie are o arom\u0103 dulce de citrice cu note florale, asem\u0103n\u0103toare portocalei. Din coaja fructului de mandarin se produc trei uleiuri esen\u021biale distincte: uleiul de Mandarin\u0103 Verde, cel de Mandarin\u0103 Galben\u0103 \u0219i cel de Mandarin\u0103 Ro\u0219ie. Dintre acestea, uleiul esen\u021bial de Mandarin\u0103 Ro\u0219ie se ob\u021bine din fructul cel mai copt. Asemeni multor alte uleiuri de citrice, uleiul esen\u021bial de Mandarin\u0103 Ro\u0219ie este un produs secundar al industriei de fructe proaspete. Fructele care nu pot fi v\u00e2ndute pe pia\u021b\u0103 \u2013fie din ra\u021biuni estetice, fie pentru c\u0103 sunt lovite \u2013, sunt presate pentru sucul \u0219i uleiul lor esen\u021bial. Cei mai mul\u021bi consider\u0103 c\u0103 Mandarina Ro\u0219ie are uleiul cel mai dulce dintre uleiurile citrice \u0219i c\u0103 acesta se armonizeaz\u0103 bine cu o larg\u0103 varietate de uleiuri esen\u021biale.<\/p>\n<p><strong>Ulei esen\u021bial de Magnolia Touch (Magnolie)<\/strong><\/p>\n<p>Av\u00e2nd specii r\u0103sp\u00e2ndite pe tot teritoriul Asiei de Sud, coasta Pacificului \u0219i America de Nord, magnolia este considerat\u0103 o plant\u0103 omniprezent\u0103. Magnolia produce flori utilizate \u00een practicile medicale tradi\u021bionale chineze\u0219ti pentru a contribui la atingerea st\u0103rii de echilibru a organismului. Uleiul esen\u021bial de magnolie are o arom\u0103 fructat\u0103 \u0219i floral\u0103 care poate favoriza calmarea \u0219i alinarea. Realizat prin combinarea cu ulei de cocos frac\u021bionat, Magnolia Touch (magnolie) are efecte de hidratare \u0219i calmare a pielii. Adaug\u0103-l la rutina de \u00eengrijire zilnic\u0103, pentru a-\u021bi men\u021bine pielea curat\u0103 \u0219i hidratat\u0103.<\/p>\n<p><strong>Ulei esen\u021bial de Ylang Ylang<\/strong><\/p>\n<p>Uleiul esen\u021bial de Ylang Ylang este ob\u021binut din florile \u00een form\u0103 de stea ale arborelui tropical de ylang ylang. Acest ulei esen\u021bial este utilizat pe scar\u0103 larg\u0103 la realizarea de parfumuri \u0219i \u00een aromaterapie \u0219i a fost utilizat \u00een ceremonii religioase \u0219i de c\u0103s\u0103torie de-a lungul secolelor. Ylang ylang este utilizat frecvent \u00een produsele de lux pentru \u00eengrijirea p\u0103rului \u0219i a pielii, datorit\u0103 aromei sale dulci bogate \u0219i propriet\u0103\u021bilor sale protectoare. Ylang ylang favorizeaz\u0103 de asemenea senza\u021bia de calm \u0219i binedispune.<\/p>\n<p><strong>Ulei esen\u021bial de T\u0103m\u00e2ie <\/strong><\/p>\n<p>Unul dintre cele mai apreciate \u0219i pre\u021bioase uleiuri, datorit\u0103 aromei sale bogate, uleiul de t\u0103m\u00e2ie este deseori supranumit \u201eregele\u201d uleiurilor esen\u021biale. Cu secole \u00een urm\u0103, egiptenii antici foloseau r\u0103\u0219ina de t\u0103m\u00e2ie la absolut orice, de la parfumuri la unguente pentru piele. Datorit\u0103 propriet\u0103\u021bilor sale calmante \u0219i de \u00eenfrumuse\u021bare, poate conferi pielii un aspect \u00eentinerit \u0219i poate contribui la reducerea imperfec\u021biunilor pielii prin aplicare local\u0103.<\/p>\n<p><strong>Ulei esen\u021bial de Helichrysum <\/strong><\/p>\n<p>Uleiul de helichrysum are un parfum dulce de miere \u0219i propriet\u0103\u021bi de regenerare \u0219i re\u00eennoire a pielii. Supranumit \u0219i \u201efloarea ve\u0219nic\u0103\u201d sau \u201efloarea nemuritoare\u201d, helichrysumul este utilizat frecvent \u00een compozi\u021bia produselor cosmetice, datorit\u0103 propriet\u0103\u021bilor sale de re\u00eentinerire a aspectului pielii. Helichrysumul a fost utilizat ca plant\u0103 medicinal\u0103 \u00eenc\u0103 din Grecia antic\u0103, iar uleiul s\u0103u este foarte pre\u021buit \u0219i c\u0103utat, datorit\u0103 numeroaselor sale beneficii. Helichrysumul poate contribui la atenuarea petelor \u0219i co\u0219urilor \u0219i la ob\u021binerea unui ten luminos.<\/p>\n<p><strong>Lista complet\u0103 de ingrediente<\/strong><br \/>Ap\u0103 (aqua), oxid de zinc, trigliceride caprilice\/caprice, salicilat de butil-octil, propanediol, ulei de Vitis Vinifera (strugure) (s\u0103m\u00e2n\u021b\u0103), alcool cetearilic, alcool cetilic, extract de Evodia rutaecarpa (fruct), ulei de Persea Gratissima (avocado), ulei de Daucus Carota Sativa (morcov) (s\u0103m\u00e2n\u021b\u0103), ulei de Boswellia Carterii, ulei de Helichrysum italicum (floare\/frunz\u0103\/tulpin\u0103), unt de Astrocaryum Tucuma (s\u0103m\u00e2n\u021b\u0103), ulei de Rubus Idaeus (zmeur\u0103) (s\u0103m\u00e2n\u021b\u0103), stearoil-glutamat de sodiu, alcool arahidilic, caprilil glicol, coco-glucozid\u0103, gum\u0103 de xantan, ulei de Helianthus annuus (floarea-soarelui) (s\u0103m\u00e2n\u021b\u0103), extract de Cocos Nucifera (cocos) (fruct), ulei de Michelia alba (frunz\u0103), ulei de Cymbopogon flexuosus, ulei de Cananga odorata (floare), suc de Aloe Barbadensis (frunz\u0103), ulei de Michelia alba (floare), ferulat de etil, alcool behenilic, arahidil glucozid\u0103, acid citric, gluconat de sodiu, bisabolol, acid caprilhidroxamic, tocoferol, acid polihidroxistearic, fitosteroli, scualen, benzoat de sodiu, sorbat de potasiu, ulei de Citrus nobilis (mandarin\u0103) (coaj\u0103), citral, limonen, linalol.<\/p>\n<p>[\/et_pb_text][\/et_pb_column][\/et_pb_row][\/et_pb_section][et_pb_section fb_built=&#8221;1&#8243; admin_label=&#8221;Sectiune #f8f2ea bg &#8211; M\u0103suri de precau\u021bie&#8221; _builder_version=&#8221;4.16&#8243; _module_preset=&#8221;default&#8221; background_color=&#8221;#f8f2ea&#8221; global_colors_info=&#8221;{}&#8221;][et_pb_row _builder_version=&#8221;4.16&#8243; _module_preset=&#8221;default&#8221; global_colors_info=&#8221;{}&#8221;][et_pb_column type=&#8221;4_4&#8243; _builder_version=&#8221;4.16&#8243; _module_preset=&#8221;default&#8221; global_colors_info=&#8221;{}&#8221;][et_pb_text _builder_version=&#8221;4.27.4&#8243; _module_preset=&#8221;default&#8221; global_colors_info=&#8221;{}&#8221;]<\/p>\n<h3 class=\"spotlight__head-title\">Crem\u0103 hidratant\u0103 de protec\u021bie solar\u0103 cu filtru mineral de uz zilnic pentru fa\u021b\u0103 d\u014dTERRA\u2122 sun<\/h3>\n<h3>\u2013 M\u0103suri de precau\u021bie<\/h3>\n<p>Doar pentru uz extern. A nu se folosi pe pielea deteriorat\u0103 sau cu leziuni. Evit\u0103 contactul produsului cu ochii. Cl\u0103te\u0219te cu ap\u0103 pentru \u00eendep\u0103rtare. Dac\u0103 apar irita\u021bii, \u00eentrerupe utilizarea \u0219i adreseaz\u0103-te medicului. A nu se l\u0103sa la \u00eendem\u00e2na copiilor. \u00cen caz de \u00eenghi\u021bire, adreseaz\u0103-te imediat medicului. A se p\u0103stra la temperatura camerei.<\/p>\n<p><strong>Furnizor:<\/strong> import USA, doTerra LLC 389 South West Pleasant Grove UT 84062.<br \/><strong>Modalitate de prezentare:<\/strong> 1 flacon de 50ml<br \/>Toate produsele doTerra sunt Certificate \u00een USA cu Certificat cu grad terapeutic pur.<\/p>\n<p>[\/et_pb_text][\/et_pb_column][\/et_pb_row][\/et_pb_section][et_pb_section fb_built=&#8221;1&#8243; admin_label=&#8221;Sectiune white bg &#8211; FAQ&#8221; _builder_version=&#8221;4.27.4&#8243; _module_preset=&#8221;default&#8221; background_enable_color=&#8221;off&#8221; global_colors_info=&#8221;{}&#8221;][et_pb_row _builder_version=&#8221;4.16&#8243; _module_preset=&#8221;default&#8221; global_colors_info=&#8221;{}&#8221;][et_pb_column type=&#8221;4_4&#8243; _builder_version=&#8221;4.16&#8243; _module_preset=&#8221;default&#8221; global_colors_info=&#8221;{}&#8221;][et_pb_text _builder_version=&#8221;4.27.4&#8243; _module_preset=&#8221;default&#8221; hover_enabled=&#8221;0&#8243; global_colors_info=&#8221;{}&#8221; sticky_enabled=&#8221;0&#8243;]<\/p>\n<h4>Crem\u0103 hidratant\u0103 de protec\u021bie solar\u0103 cu filtru mineral de uz zilnic pentru fa\u021b\u0103 d\u014dTERRA\u2122 sun \u2013 Intrebari frecvente<\/h4>\n<p><strong>1. Este potrivit\u0103 pentru toate tipurile de piele?<\/strong><\/p>\n<p>Da, crema este formulat\u0103 pentru a fi compatibil\u0103 cu toate tipurile de piele, inclusiv cea sensibil\u0103. Totu\u0219i, se recomand\u0103 efectuarea unui test pe o mic\u0103 por\u021biune de piele \u00eenainte de utilizare complet\u0103.\u200b<\/p>\n<p><strong>2. Pot aplica machiaj peste aceast\u0103 crem\u0103?<\/strong><\/p>\n<p>Absolut. Textura sa lejer\u0103 \u0219i absorb\u021bia rapid\u0103 o fac o baz\u0103 excelent\u0103 pentru machiaj.\u200b<\/p>\n<p><strong>3. Este rezistent\u0103 la ap\u0103?<\/strong><\/p>\n<p>Pentru activit\u0103\u021bi care implic\u0103 ap\u0103 sau transpira\u021bie, se recomand\u0103 utilizarea unui produs de protec\u021bie solar\u0103 rezistent la ap\u0103.\u200b<\/p>\n<p><strong>4. Las\u0103 urme albe pe piele?<\/strong><\/p>\n<p>Formulat\u0103 pentru a minimiza urmele albe, crema se absoarbe rapid \u0219i nu las\u0103 reziduuri vizibile.\u200b<\/p>\n<p><strong>5. Este sigur\u0103 pentru mediu?<\/strong><\/p>\n<p>Da, crema este sigur\u0103 pentru recifele de corali \u0219i formulat\u0103 cu ingrediente prietenoase cu mediul.\u200b<\/p>\n<p>Pentru mai multe informa\u021bii \u0219i achizi\u021bionarea produsului, viziteaz\u0103 site-ul oficial d\u014dTERRA sau distribuitorii autoriza\u021bi.<\/p>\n<p>[\/et_pb_text][\/et_pb_column][\/et_pb_row][\/et_pb_section][et_pb_section fb_built=&#8221;1&#8243; admin_label=&#8221;Disclaimer&#8221; _builder_version=&#8221;4.9.10&#8243; _module_preset=&#8221;default&#8221; custom_margin=&#8221;0px||0px||false|false&#8221; custom_padding=&#8221;30px||30px||true|false&#8221; global_module=&#8221;49931&#8243; saved_tabs=&#8221;all&#8221; global_colors_info=&#8221;{}&#8221;][et_pb_row _builder_version=&#8221;4.16&#8243; _module_preset=&#8221;default&#8221; global_colors_info=&#8221;{}&#8221;][et_pb_column type=&#8221;4_4&#8243; _builder_version=&#8221;4.16&#8243; _module_preset=&#8221;default&#8221; global_colors_info=&#8221;{}&#8221;][et_pb_divider _builder_version=&#8221;4.16&#8243; _module_preset=&#8221;default&#8221; width=&#8221;100px&#8221; max_width=&#8221;100px&#8221; custom_margin=&#8221;0px||0px||false|false&#8221; custom_padding=&#8221;0px||0px||false|false&#8221; global_colors_info=&#8221;{}&#8221;][\/et_pb_divider][et_pb_text _builder_version=&#8221;4.16&#8243; _module_preset=&#8221;default&#8221; global_colors_info=&#8221;{}&#8221;]<\/p>\n<p><img loading=\"lazy\" decoding=\"async\" src=\"https:\/\/www.dianagubas.com\/new\/wp-content\/uploads\/2021\/08\/alert-circle@1x.png\" width=\"24\" height=\"24\" alt=\"\" class=\"wp-image-49942 alignleft size-full\" srcset=\"https:\/\/www.dianagubas.com\/new\/wp-content\/uploads\/2021\/08\/alert-circle@1x.png 24w, https:\/\/www.dianagubas.com\/new\/wp-content\/uploads\/2021\/08\/alert-circle@1x-12x12.png 12w\" sizes=\"(max-width: 24px) 100vw, 24px\" \/>Acest produs nu are rolul de a diagnostica, trata, vindeca sau preveni orice boal\u0103. Consult\u0103 medicul \u00eenainte de utilizare. Dac\u0103 ai alergie la oricare component din compozi\u021bie, nu folosi acest produs.<\/p>\n<p>[\/et_pb_text][\/et_pb_column][\/et_pb_row][\/et_pb_section][et_pb_section fb_built=&#8221;1&#8243; admin_label=&#8221;CTA&#8221; _builder_version=&#8221;4.14.5&#8243; _module_preset=&#8221;default&#8221; background_enable_color=&#8221;off&#8221; width=&#8221;100%&#8221; max_width=&#8221;100%&#8221; custom_margin=&#8221;||50px||false|false&#8221; global_module=&#8221;49932&#8243; saved_tabs=&#8221;all&#8221; global_colors_info=&#8221;{}&#8221;][et_pb_row module_id=&#8221;cta-row&#8221; _builder_version=&#8221;4.16&#8243; _module_preset=&#8221;default&#8221; width=&#8221;96%&#8221; border_radii=&#8221;on|30px|30px|30px|30px&#8221; global_colors_info=&#8221;{}&#8221;][et_pb_column type=&#8221;4_4&#8243; _builder_version=&#8221;4.16&#8243; _module_preset=&#8221;default&#8221; global_colors_info=&#8221;{}&#8221;][et_pb_code module_id=&#8221;cta-section&#8221; _builder_version=&#8221;4.17.4&#8243; _module_preset=&#8221;default&#8221; global_colors_info=&#8221;{}&#8221;]<\/p>\n<style>\/* Animated Call To Action *\/<!-- [et_pb_line_break_holder] --> <!-- [et_pb_line_break_holder] -->\/*** style CTA section and row when waypoint is not triggered ***\/<!-- [et_pb_line_break_holder] -->#cta-section {<!-- [et_pb_line_break_holder] -->    padding: 0 80px;<!-- [et_pb_line_break_holder] -->    transition: all .8s ease;<!-- [et_pb_line_break_holder] -->    -moz-transition: all .8s ease;<!-- [et_pb_line_break_holder] -->    -webkit-transition: all .8s ease;<!-- [et_pb_line_break_holder] -->}<!-- [et_pb_line_break_holder] -->#cta-row {<!-- [et_pb_line_break_holder] -->    margin: 80px auto 0 auto;<!-- [et_pb_line_break_holder] -->    padding: 80px 0;<!-- [et_pb_line_break_holder] -->    max-width: 100%;<!-- [et_pb_line_break_holder] -->    background-color: #cda575;<!-- [et_pb_line_break_holder] -->    -moz-border-radius: 20px;<!-- [et_pb_line_break_holder] -->    -webkit-border-radius: 20px;<!-- [et_pb_line_break_holder] -->    border-radius: 20px;<!-- [et_pb_line_break_holder] -->    box-shadow: 0px 10px 50px #939fa9;<!-- [et_pb_line_break_holder] -->    transition: all .8s ease;<!-- [et_pb_line_break_holder] -->    -moz-transition: all .8s ease;<!-- [et_pb_line_break_holder] -->    -webkit-transition: all .8s ease;<!-- [et_pb_line_break_holder] --> <!-- [et_pb_line_break_holder] -->}<!-- [et_pb_line_break_holder] -->\/*** Style CTA section and row once waypoint toggles animate-cta class ***\/<!-- [et_pb_line_break_holder] -->#cta-section.animate-cta {<!-- [et_pb_line_break_holder] -->    padding: 46px 0 66px 0;<!-- [et_pb_line_break_holder] -->    overflow: hidden;<!-- [et_pb_line_break_holder] -->}<!-- [et_pb_line_break_holder] -->.animate-cta #cta-row {<!-- [et_pb_line_break_holder] -->    margin: 0 auto 0 auto;<!-- [et_pb_line_break_holder] -->    -webkit-transform: scale(1.1);<!-- [et_pb_line_break_holder] -->    transform: scale(1.1);<!-- [et_pb_line_break_holder] -->    background-color: #cda575;<!-- [et_pb_line_break_holder] -->    width: inherit;<!-- [et_pb_line_break_holder] -->}<!-- [et_pb_line_break_holder] -->\/*** style button ***\/<!-- [et_pb_line_break_holder] --> <!-- [et_pb_line_break_holder] -->#sign {<!-- [et_pb_line_break_holder] -->    display: inline-block;<!-- [et_pb_line_break_holder] -->    color: #fff;<!-- [et_pb_line_break_holder] -->    text-transform: uppercase;<!-- [et_pb_line_break_holder] -->    font-size: 16px;<!-- [et_pb_line_break_holder] -->    font-weight: 600;<!-- [et_pb_line_break_holder] -->    background-color: #000000;<!-- [et_pb_line_break_holder] -->    padding: 20px 40px;<!-- [et_pb_line_break_holder] -->    margin-top: 30px;<!-- [et_pb_line_break_holder] -->    border-radius: 60px;<!-- [et_pb_line_break_holder] -->    -webkit-border-radius: 60px;<!-- [et_pb_line_break_holder] -->    -moz-border-radius: 60px;<!-- [et_pb_line_break_holder] -->    transition: all .8s ease;<!-- [et_pb_line_break_holder] -->    -webkit-transition: all .8s ease;<!-- [et_pb_line_break_holder] -->    -webkit-transition: all .8s ease;<!-- [et_pb_line_break_holder] -->    box-shadow: 0px 5px 20px #220901;<!-- [et_pb_line_break_holder] -->    -moz-box-shadow: 0px 5px 20px #220901;<!-- [et_pb_line_break_holder] -->    -webkit-box-shadow: 0px 10px 50px #220901;<!-- [et_pb_line_break_holder] -->}<!-- [et_pb_line_break_holder] -->#sign:hover {<!-- [et_pb_line_break_holder] -->    background-color: #621708;<!-- [et_pb_line_break_holder] -->    box-shadow: 0px 20px 80px #220901;<!-- [et_pb_line_break_holder] -->    -moz-box-shadow: 0px 20px 80px #220901;<!-- [et_pb_line_break_holder] -->    -webkit-box-shadow: 0px 20px 80px #220901;<!-- [et_pb_line_break_holder] -->    color: #fff;<!-- [et_pb_line_break_holder] -->}<!-- [et_pb_line_break_holder] --> <!-- [et_pb_line_break_holder] -->\/*** style content within the code module ***\/<!-- [et_pb_line_break_holder] --> <!-- [et_pb_line_break_holder] -->.cta-info{<!-- [et_pb_line_break_holder] -->    color: #fff;<!-- [et_pb_line_break_holder] -->    text-align: center;<!-- [et_pb_line_break_holder] -->    margin: 0 auto !important;<!-- [et_pb_line_break_holder] -->    max-width: 96%;<!-- [et_pb_line_break_holder] -->    padding: 50px 10px;<!-- [et_pb_line_break_holder] -->}<!-- [et_pb_line_break_holder] -->.cta-info h3 {color: #fff;}<!-- [et_pb_line_break_holder] -->.cta-list {text-align: left;}<!-- [et_pb_line_break_holder] -->ul.cta-list li:before {<!-- [et_pb_line_break_holder] -->  font-family: 'ETmodules'!important;<!-- [et_pb_line_break_holder] -->    speak: none;<!-- [et_pb_line_break_holder] -->    font-style: normal;<!-- [et_pb_line_break_holder] -->    font-weight: 400;<!-- [et_pb_line_break_holder] -->    -webkit-font-feature-settings: normal;<!-- [et_pb_line_break_holder] -->    font-feature-settings: normal;<!-- [et_pb_line_break_holder] -->    font-variant: normal;<!-- [et_pb_line_break_holder] -->    text-transform: none;<!-- [et_pb_line_break_holder] -->    line-height: 1;<!-- [et_pb_line_break_holder] -->    -webkit-font-smoothing: antialiased;<!-- [et_pb_line_break_holder] -->    -moz-osx-font-smoothing: grayscale;<!-- [et_pb_line_break_holder] -->    text-shadow: 0px 0px;<!-- [et_pb_line_break_holder] -->    direction: ltr;<!-- [et_pb_line_break_holder] -->    font-size: 22px;<!-- [et_pb_line_break_holder] -->    content: \"\\4e\";<!-- [et_pb_line_break_holder] -->    position: absolute;<!-- [et_pb_line_break_holder] -->    margin-left: -29px;<!-- [et_pb_line_break_holder] -->    margin-top: 7px;<!-- [et_pb_line_break_holder] -->}<!-- [et_pb_line_break_holder] --><\/style>\n<p><!-- [et_pb_line_break_holder] --><\/p>\n<div class=\"cta-info\"><!-- [et_pb_line_break_holder] --> <!-- [et_pb_line_break_holder] --><\/p>\n<h3>Vrei s\u0103 achizi\u021bionezi uleiurile esen\u021biale sau produsele doTERRA? <\/h3>\n<p><!-- [et_pb_line_break_holder] --> <!-- [et_pb_line_break_holder] --><pee style=\"text-align: left;\">Cea mai avantajoas\u0103 metod\u0103 de a intra \u00een posesia uleiurilor esen\u0163iale \u015fi a produselor de la doTERRA este prin crearea unui cont de membru (client) doTERRA. <!\u2013- [et_pb_br_holder] -\u2013>Cre\u00e2ndu-\u021bi un cont de membru (client) doTERRA ai o mul\u021bime de avantaje:<\/pee><img loading=\"lazy\" decoding=\"async\" class=\"alignright size-full wp-image-51781\" src=\"https:\/\/www.dianagubas.com\/new\/wp-content\/uploads\/2022\/01\/cadou_cont_nou.png\" alt=\"Avantaj client NOU: iti oferim GRATIS fractionate coconut oil si capsule vegetale\" width=\"353\" height=\"389\" srcset=\"https:\/\/www.dianagubas.com\/new\/wp-content\/uploads\/2022\/01\/cadou_cont_nou.png 353w, https:\/\/www.dianagubas.com\/new\/wp-content\/uploads\/2022\/01\/cadou_cont_nou-11x12.png 11w, https:\/\/www.dianagubas.com\/new\/wp-content\/uploads\/2022\/01\/cadou_cont_nou-300x331.png 300w\" sizes=\"(max-width: 353px) 100vw, 353px\" \/><!-- [et_pb_line_break_holder] --><\/p>\n<ul class=\"cta-list\"><!-- [et_pb_line_break_holder] -->  <\/p>\n<li>Reducere 25% \u00eenc\u0103 de la prima cump\u0103ratur\u0103.<\/li>\n<p><!-- [et_pb_line_break_holder] -->  <\/p>\n<li>Programul de loialitate LRP cu acumulare de puncte<\/li>\n<p><!-- [et_pb_line_break_holder] -->  <\/p>\n<li>Promo\u021bii lunare (produsul lunii gratis).<\/li>\n<p><!-- [et_pb_line_break_holder] -->  <\/p>\n<li>Avantaj client NOU: iti oferim GRATIS ulei de cocos fractionat si capsule vegetale<\/li>\n<p><!-- [et_pb_line_break_holder] -->  <\/p>\n<li>Asisten\u021b\u0103 personal\u0103 \u00een utilizarea uleiurilor esen\u021biale doTERRA.<\/li>\n<p><!-- [et_pb_line_break_holder] --><\/ul>\n<p><!-- [et_pb_line_break_holder] --><pee style=\"text-align:center; display:none;\"><!-- [et_pb_line_break_holder] --> <a href=\"\/creare-cont-doterra\/\" style=\"color: #fff; text-decoration: underline;\">Afl\u0103 mai multe despre ce \u00eenseamn\u0103 s\u0103 fii membru doTERRA.<\/a><!-- [et_pb_line_break_holder] --><\/pee><!-- [et_pb_line_break_holder] -->  <pee style=\"text-align:center;\"><a href=\"\/creare-cont-doterra\/\" id=\"sign\">De ce sa imi fac cont doTERRA?<\/a><\/pee><!-- [et_pb_line_break_holder] --><\/div>\n<p>[\/et_pb_code][\/et_pb_column][\/et_pb_row][\/et_pb_section]<\/p>\n","protected":false},"excerpt":{"rendered":"<p>Bucur\u0103-te de protec\u021bie solar\u0103 zilnic\u0103 cu Crema de protec\u021bie solar\u0103 cu filtru mineral de uz zilnic pentru fa\u021b\u0103 doTERRA sun. Aceast\u0103 crem\u0103 hidratant\u0103 testat\u0103 dermatologic ofer\u0103 protec\u021bie solar\u0103 cu FPS 30 cu spectru larg, utiliz\u00e2nd filtre de protec\u021bie minerale ideale pentru pielea sensibil\u0103. Formula u\u0219oar\u0103, cu absorb\u021bie rapid\u0103, protejeaz\u0103 \u00eempotriva radia\u021biilor solare UVA\/UVB \u0219i a [&hellip;]<\/p>\n","protected":false},"featured_media":52708,"template":"","meta":{"_acf_changed":false,"_et_pb_use_builder":"on","_et_pb_old_content":"","_et_gb_content_width":"","inline_featured_image":false},"product_brand":[],"product_cat":[79,76],"product_tag":[],"class_list":{"0":"post-52706","1":"product","2":"type-product","3":"status-publish","4":"has-post-thumbnail","6":"product_cat-ingrijirea-tenului","7":"product_cat-ingrijire-personala","9":"first","10":"instock","11":"sale","12":"shipping-taxable","13":"purchasable","14":"product-type-simple"},"acf":[],"_links":{"self":[{"href":"https:\/\/www.dianagubas.com\/en\/wp-json\/wp\/v2\/product\/52706","targetHints":{"allow":["GET"]}}],"collection":[{"href":"https:\/\/www.dianagubas.com\/en\/wp-json\/wp\/v2\/product"}],"about":[{"href":"https:\/\/www.dianagubas.com\/en\/wp-json\/wp\/v2\/types\/product"}],"wp:featuredmedia":[{"embeddable":true,"href":"https:\/\/www.dianagubas.com\/en\/wp-json\/wp\/v2\/media\/52708"}],"wp:attachment":[{"href":"https:\/\/www.dianagubas.com\/en\/wp-json\/wp\/v2\/media?parent=52706"}],"wp:term":[{"taxonomy":"product_brand","embeddable":true,"href":"https:\/\/www.dianagubas.com\/en\/wp-json\/wp\/v2\/product_brand?post=52706"},{"taxonomy":"product_cat","embeddable":true,"href":"https:\/\/www.dianagubas.com\/en\/wp-json\/wp\/v2\/product_cat?post=52706"},{"taxonomy":"product_tag","embeddable":true,"href":"https:\/\/www.dianagubas.com\/en\/wp-json\/wp\/v2\/product_tag?post=52706"}],"curies":[{"name":"wp","href":"https:\/\/api.w.org\/{rel}","templated":true}]}}